{"id":4969,"date":"2017-06-17T14:21:21","date_gmt":"2017-06-17T14:21:21","guid":{"rendered":"http:\/\/www.acomeambiente.org\/fr\/?page_id=4969"},"modified":"2020-06-25T16:11:46","modified_gmt":"2020-06-25T16:11:46","slug":"les-espaces-du-musee","status":"publish","type":"page","link":"https:\/\/www.acomeambiente.org\/fr\/les-espaces-du-musee\/","title":{"rendered":"Les Espaces du Mus\u00e9e"},"content":{"rendered":"<p><img decoding=\"async\" class=\"alignnone wp-image-285 size-full\" src=\"\/wp-content\/uploads\/2015\/03\/AcomeA_111.jpg\" alt=\"Museo A come Ambiente\" width=\"900\" height=\"330\" srcset=\"https:\/\/www.acomeambiente.org\/fr\/wp-content\/uploads\/sites\/2\/2015\/03\/AcomeA_111-300x110.jpg 300w, https:\/\/www.acomeambiente.org\/fr\/wp-content\/uploads\/sites\/2\/2015\/03\/AcomeA_111-600x220.jpg 600w, https:\/\/www.acomeambiente.org\/fr\/wp-content\/uploads\/sites\/2\/2015\/03\/AcomeA_111.jpg 900w\" sizes=\"(max-width: 900px) 100vw, 900px\" \/><\/p>\n<h1 class=\"entry-title\">Les Espaces du Mus\u00e9e<\/h1>\n<p>Le MAcA est compos\u00e9 de trois corps architectoniques reli\u00e9s par un jardin.<\/p>\n<p>Le \u201cPALAZZINA STORICA\u201c ou b\u00e2timent historique, \u00e9tait le si\u00e8ge de la caserne des pompiers de l\u2019ancienne usine MICHELIN. Le Mus\u00e9e d\u00e9cline sur ses trois \u00e9tages les th\u00e8mes de l\u2019Energie, de l\u2019Eau et des D\u00e9chets.<\/p>\n<p>Le PAVILLON VERT, dessin\u00e9 par\u00a0Carlo Ratti Associati \u2013 \u00a0Carlo Ratti &amp;\u00a0Walter Nicolino, abrite des exhibits et parcours sur l\u2019Alimentation, transmission des connaissances et, tr\u00e8s bient\u00f4t, les Transports\u00a0: quatre des d\u00e9fis qui attendent un monde dont la population est sans cesse en croissance.<\/p>\n<p>Le GUSCIO,\u00a0<em>open space<\/em> polyvalent, accueillera \u00e0 partir de fin 2017 des projections, conf\u00e9rences, expositions temporaires\u00a0et des activit\u00e9s de Laboratoire.<\/p>\n<p><strong>Aux alentours du Mus\u00e9e<\/strong><\/p>\n<p>Le MAcA fait face au\u00a0<strong>Parco Dora<\/strong>, parc post-industriel de 456.000 m\u00b2 o\u00f9, jusqu\u2019aux ann\u00e9es 90, se dressaient les immenses usines\u00a0de\u00a0Fiat et\u00a0Michelin. D\u00e9couvrez ce qui est arriv\u00e9 au\u00a0<a href=\"https:\/\/www.comune.torino.it\/comitatoparcodora\/index.shtml\" target=\"_blank\" rel=\"noopener noreferrer\">Parco Dora<\/a>\u00a0(it)<\/p>\n<p>&nbsp;<\/p>\n<div><\/div>\n<div class=\"fusion-fullwidth fullwidth-box fusion-builder-row-1 hundred-percent-fullwidth non-hundred-percent-height-scrolling\" style=\"--awb-border-radius-top-left:0px;--awb-border-radius-top-right:0px;--awb-border-radius-bottom-right:0px;--awb-border-radius-bottom-left:0px;--awb-overflow:visible;--awb-flex-wrap:wrap;\" ><div class=\"fusion-builder-row fusion-row\"><div class=\"fusion-layout-column fusion_builder_column fusion-builder-column-0 fusion_builder_column_1_4 1_4 fusion-one-fourth fusion-column-first\" style=\"--awb-bg-size:cover;\"><div class=\"fusion-column-wrapper fusion-flex-column-wrapper-legacy\"><div class=\"fusion-image-element fusion-image-align-left in-legacy-container\" style=\"text-align:left;--awb-caption-title-font-family:var(--h2_typography-font-family);--awb-caption-title-font-weight:var(--h2_typography-font-weight);--awb-caption-title-font-style:var(--h2_typography-font-style);--awb-caption-title-size:var(--h2_typography-font-size);--awb-caption-title-transform:var(--h2_typography-text-transform);--awb-caption-title-line-height:var(--h2_typography-line-height);--awb-caption-title-letter-spacing:var(--h2_typography-letter-spacing);\"><span class=\" fusion-imageframe imageframe-none imageframe-1 hover-type-none fusion-animated\" style=\"margin-right:25px;float:left;\" data-animationType=\"fadeInDown\" data-animationDuration=\"0.1\" data-animationOffset=\"top-into-view\"><a class=\"fusion-no-lightbox\" href=\"\/visiata\/\" target=\"_self\"><img decoding=\"async\" alt=\"IMG_6468\" src=\"\/wp-content\/uploads\/sites\/2\/2015\/03\/IMG_64681.jpg\" class=\"img-responsive\"\/><\/a><\/span><\/div><div class=\"fusion-clearfix\"><\/div><\/div><\/div>\n<div class=\"fusion-layout-column fusion_builder_column fusion-builder-column-1 fusion_builder_column_1_4 1_4 fusion-one-fourth\" style=\"--awb-bg-size:cover;\"><div class=\"fusion-column-wrapper fusion-flex-column-wrapper-legacy\"><div class=\"fusion-image-element fusion-image-align-left in-legacy-container\" style=\"text-align:left;--awb-caption-title-font-family:var(--h2_typography-font-family);--awb-caption-title-font-weight:var(--h2_typography-font-weight);--awb-caption-title-font-style:var(--h2_typography-font-style);--awb-caption-title-size:var(--h2_typography-font-size);--awb-caption-title-transform:var(--h2_typography-text-transform);--awb-caption-title-line-height:var(--h2_typography-line-height);--awb-caption-title-letter-spacing:var(--h2_typography-letter-spacing);\"><span class=\" fusion-imageframe imageframe-none imageframe-2 hover-type-none fusion-animated\" style=\"margin-right:25px;float:left;\" data-animationType=\"fadeInDown\" data-animationDuration=\"0.1\" data-animationOffset=\"top-into-view\"><a class=\"fusion-no-lightbox\" href=\"\/visiata\/\" target=\"_self\"><img decoding=\"async\" alt=\"chisiamo_lastoria\" src=\"\/wp-content\/uploads\/sites\/2\/2015\/03\/chisiamo_lastoria.jpg\" class=\"img-responsive\"\/><\/a><\/span><\/div><div class=\"fusion-clearfix\"><\/div><\/div><\/div>\n<div class=\"fusion-layout-column fusion_builder_column fusion-builder-column-2 fusion_builder_column_1_4 1_4 fusion-one-fourth\" style=\"--awb-bg-size:cover;\"><div class=\"fusion-column-wrapper fusion-flex-column-wrapper-legacy\"><div class=\"fusion-image-element fusion-image-align-left in-legacy-container\" style=\"text-align:left;--awb-caption-title-font-family:var(--h2_typography-font-family);--awb-caption-title-font-weight:var(--h2_typography-font-weight);--awb-caption-title-font-style:var(--h2_typography-font-style);--awb-caption-title-size:var(--h2_typography-font-size);--awb-caption-title-transform:var(--h2_typography-text-transform);--awb-caption-title-line-height:var(--h2_typography-line-height);--awb-caption-title-letter-spacing:var(--h2_typography-letter-spacing);\"><span class=\" fusion-imageframe imageframe-none imageframe-3 hover-type-none fusion-animated\" style=\"margin-right:25px;float:left;\" data-animationType=\"fadeInDown\" data-animationDuration=\"0.1\" data-animationOffset=\"top-into-view\"><a class=\"fusion-no-lightbox\" href=\"\/visiata\/\" target=\"_self\"><img decoding=\"async\" alt=\"AcomeA_003\" src=\"\/wp-content\/uploads\/sites\/2\/2015\/03\/AcomeA_0031.jpg\" class=\"img-responsive\"\/><\/a><\/span><\/div><div class=\"fusion-clearfix\"><\/div><\/div><\/div><\/div><\/div>\n","protected":false},"excerpt":{"rendered":"<p>Les Espaces du Mus\u00e9e Le MAcA est compos\u00e9 de trois corps architectoniques reli\u00e9s par un jardin. Le \u201cPALAZZINA STORICA\u201c ou b\u00e2timent historique, \u00e9tait le si\u00e8ge de la caserne des pompiers  [&#8230;]<\/p>\n","protected":false},"author":1025,"featured_media":0,"parent":0,"menu_order":0,"comment_status":"closed","ping_status":"closed","template":"","meta":{"footnotes":""},"class_list":["post-4969","page","type-page","status-publish","hentry"],"yoast_head":"<!-- This site is optimized with the Yoast SEO plugin v26.9 - https:\/\/yoast.com\/product\/yoast-seo-wordpress\/ -->\n<title>Les Espaces du Mus\u00e9e - Fr - MAcA - Museo A come Ambiente<\/title>\n<meta name=\"robots\" content=\"index, follow, max-snippet:-1, max-image-preview:large, max-video-preview:-1\" \/>\n<link rel=\"canonical\" href=\"https:\/\/www.acomeambiente.org\/fr\/les-espaces-du-musee\/\" \/>\n<meta property=\"og:locale\" content=\"fr_FR\" \/>\n<meta property=\"og:type\" content=\"article\" \/>\n<meta property=\"og:title\" content=\"Les Espaces du Mus\u00e9e - Fr - MAcA - Museo A come Ambiente\" \/>\n<meta property=\"og:description\" content=\"Les Espaces du Mus\u00e9e Le MAcA est compos\u00e9 de trois corps architectoniques reli\u00e9s par un jardin. Le \u201cPALAZZINA STORICA\u201c ou b\u00e2timent historique, \u00e9tait le si\u00e8ge de la caserne des pompiers [...]\" \/>\n<meta property=\"og:url\" content=\"https:\/\/www.acomeambiente.org\/fr\/les-espaces-du-musee\/\" \/>\n<meta property=\"og:site_name\" content=\"Fr - MAcA - Museo A come Ambiente\" \/>\n<meta property=\"article:modified_time\" content=\"2020-06-25T16:11:46+00:00\" \/>\n<meta property=\"og:image\" content=\"https:\/\/www.acomeambiente.org\/wp-content\/uploads\/2015\/03\/AcomeA_111.jpg\" \/>\n<meta name=\"twitter:card\" content=\"summary_large_image\" \/>\n<meta name=\"twitter:label1\" content=\"Dur\u00e9e de lecture estim\u00e9e\" \/>\n\t<meta name=\"twitter:data1\" content=\"2 minutes\" \/>\n<script type=\"application\/ld+json\" class=\"yoast-schema-graph\">{\"@context\":\"https:\/\/schema.org\",\"@graph\":[{\"@type\":\"WebPage\",\"@id\":\"https:\/\/www.acomeambiente.org\/fr\/les-espaces-du-musee\/\",\"url\":\"https:\/\/www.acomeambiente.org\/fr\/les-espaces-du-musee\/\",\"name\":\"Les Espaces du Mus\u00e9e - Fr - MAcA - Museo A come Ambiente\",\"isPartOf\":{\"@id\":\"https:\/\/www.acomeambiente.org\/fr\/#website\"},\"datePublished\":\"2017-06-17T14:21:21+00:00\",\"dateModified\":\"2020-06-25T16:11:46+00:00\",\"breadcrumb\":{\"@id\":\"https:\/\/www.acomeambiente.org\/fr\/les-espaces-du-musee\/#breadcrumb\"},\"inLanguage\":\"fr-FR\",\"potentialAction\":[{\"@type\":\"ReadAction\",\"target\":[\"https:\/\/www.acomeambiente.org\/fr\/les-espaces-du-musee\/\"]}]},{\"@type\":\"BreadcrumbList\",\"@id\":\"https:\/\/www.acomeambiente.org\/fr\/les-espaces-du-musee\/#breadcrumb\",\"itemListElement\":[{\"@type\":\"ListItem\",\"position\":1,\"name\":\"Home\",\"item\":\"https:\/\/www.acomeambiente.org\/fr\/\"},{\"@type\":\"ListItem\",\"position\":2,\"name\":\"Les Espaces du Mus\u00e9e\"}]},{\"@type\":\"WebSite\",\"@id\":\"https:\/\/www.acomeambiente.org\/fr\/#website\",\"url\":\"https:\/\/www.acomeambiente.org\/fr\/\",\"name\":\"Fr - MAcA - Museo A come Ambiente\",\"description\":\"Passa al MAcA, costruiamo insieme un mondo pi\u00f9 sostenibile\",\"potentialAction\":[{\"@type\":\"SearchAction\",\"target\":{\"@type\":\"EntryPoint\",\"urlTemplate\":\"https:\/\/www.acomeambiente.org\/fr\/?s={search_term_string}\"},\"query-input\":{\"@type\":\"PropertyValueSpecification\",\"valueRequired\":true,\"valueName\":\"search_term_string\"}}],\"inLanguage\":\"fr-FR\"}]}<\/script>\n<!-- \/ Yoast SEO plugin. -->","yoast_head_json":{"title":"Les Espaces du Mus\u00e9e - Fr - MAcA - Museo A come Ambiente","robots":{"index":"index","follow":"follow","max-snippet":"max-snippet:-1","max-image-preview":"max-image-preview:large","max-video-preview":"max-video-preview:-1"},"canonical":"https:\/\/www.acomeambiente.org\/fr\/les-espaces-du-musee\/","og_locale":"fr_FR","og_type":"article","og_title":"Les Espaces du Mus\u00e9e - Fr - MAcA - Museo A come Ambiente","og_description":"Les Espaces du Mus\u00e9e Le MAcA est compos\u00e9 de trois corps architectoniques reli\u00e9s par un jardin. Le \u201cPALAZZINA STORICA\u201c ou b\u00e2timent historique, \u00e9tait le si\u00e8ge de la caserne des pompiers [...]","og_url":"https:\/\/www.acomeambiente.org\/fr\/les-espaces-du-musee\/","og_site_name":"Fr - MAcA - Museo A come Ambiente","article_modified_time":"2020-06-25T16:11:46+00:00","og_image":[{"url":"https:\/\/www.acomeambiente.org\/wp-content\/uploads\/2015\/03\/AcomeA_111.jpg","type":"","width":"","height":""}],"twitter_card":"summary_large_image","twitter_misc":{"Dur\u00e9e de lecture estim\u00e9e":"2 minutes"},"schema":{"@context":"https:\/\/schema.org","@graph":[{"@type":"WebPage","@id":"https:\/\/www.acomeambiente.org\/fr\/les-espaces-du-musee\/","url":"https:\/\/www.acomeambiente.org\/fr\/les-espaces-du-musee\/","name":"Les Espaces du Mus\u00e9e - Fr - MAcA - Museo A come Ambiente","isPartOf":{"@id":"https:\/\/www.acomeambiente.org\/fr\/#website"},"datePublished":"2017-06-17T14:21:21+00:00","dateModified":"2020-06-25T16:11:46+00:00","breadcrumb":{"@id":"https:\/\/www.acomeambiente.org\/fr\/les-espaces-du-musee\/#breadcrumb"},"inLanguage":"fr-FR","potentialAction":[{"@type":"ReadAction","target":["https:\/\/www.acomeambiente.org\/fr\/les-espaces-du-musee\/"]}]},{"@type":"BreadcrumbList","@id":"https:\/\/www.acomeambiente.org\/fr\/les-espaces-du-musee\/#breadcrumb","itemListElement":[{"@type":"ListItem","position":1,"name":"Home","item":"https:\/\/www.acomeambiente.org\/fr\/"},{"@type":"ListItem","position":2,"name":"Les Espaces du Mus\u00e9e"}]},{"@type":"WebSite","@id":"https:\/\/www.acomeambiente.org\/fr\/#website","url":"https:\/\/www.acomeambiente.org\/fr\/","name":"Fr - MAcA - Museo A come Ambiente","description":"Passa al MAcA, costruiamo insieme un mondo pi\u00f9 sostenibile","potentialAction":[{"@type":"SearchAction","target":{"@type":"EntryPoint","urlTemplate":"https:\/\/www.acomeambiente.org\/fr\/?s={search_term_string}"},"query-input":{"@type":"PropertyValueSpecification","valueRequired":true,"valueName":"search_term_string"}}],"inLanguage":"fr-FR"}]}},"_links":{"self":[{"href":"https:\/\/www.acomeambiente.org\/fr\/wp-json\/wp\/v2\/pages\/4969","targetHints":{"allow":["GET"]}}],"collection":[{"href":"https:\/\/www.acomeambiente.org\/fr\/wp-json\/wp\/v2\/pages"}],"about":[{"href":"https:\/\/www.acomeambiente.org\/fr\/wp-json\/wp\/v2\/types\/page"}],"author":[{"embeddable":true,"href":"https:\/\/www.acomeambiente.org\/fr\/wp-json\/wp\/v2\/users\/1025"}],"replies":[{"embeddable":true,"href":"https:\/\/www.acomeambiente.org\/fr\/wp-json\/wp\/v2\/comments?post=4969"}],"version-history":[{"count":10,"href":"https:\/\/www.acomeambiente.org\/fr\/wp-json\/wp\/v2\/pages\/4969\/revisions"}],"predecessor-version":[{"id":5445,"href":"https:\/\/www.acomeambiente.org\/fr\/wp-json\/wp\/v2\/pages\/4969\/revisions\/5445"}],"wp:attachment":[{"href":"https:\/\/www.acomeambiente.org\/fr\/wp-json\/wp\/v2\/media?parent=4969"}],"curies":[{"name":"wp","href":"https:\/\/api.w.org\/{rel}","templated":true}]}}