{"id":4876,"date":"2017-06-15T14:17:00","date_gmt":"2017-06-15T14:17:00","guid":{"rendered":"http:\/\/www.acomeambiente.org\/fr\/?page_id=4876"},"modified":"2023-09-20T13:13:22","modified_gmt":"2023-09-20T13:13:22","slug":"eau","status":"publish","type":"page","link":"https:\/\/www.acomeambiente.org\/fr\/visite\/ecoles\/eau\/","title":{"rendered":"L&rsquo;EAU"},"content":{"rendered":"<p><div class=\"fusion-fullwidth fullwidth-box fusion-builder-row-1 hundred-percent-fullwidth non-hundred-percent-height-scrolling\" style=\"--awb-border-radius-top-left:0px;--awb-border-radius-top-right:0px;--awb-border-radius-bottom-right:0px;--awb-border-radius-bottom-left:0px;--awb-overflow:visible;--awb-flex-wrap:wrap;\" ><\/div><div class=\"fusion-builder-row fusion-row\"><\/div><div class=\"fusion-layout-column fusion_builder_column fusion-builder-column-0 fusion_builder_column_1_1 1_1 fusion-one-full fusion-column-first fusion-column-last fusion-column-no-min-height\" style=\"--awb-bg-size:cover;--awb-margin-bottom:0px;width:100%;\"><div class=\"fusion-column-wrapper fusion-flex-column-wrapper-legacy\"><div class=\"fusion-text fusion-text-1\"><p><img decoding=\"async\" class=\"alignnone wp-image-240 size-full\" src=\"\/wp-content\/uploads\/2015\/03\/AcomeA_025.jpg\" alt=\"Scuole\" width=\"900\" height=\"330\" \/><\/p>\n<h1 class=\"entry-title\">L&rsquo; Eau<\/h1>\n<p style=\"text-align: justify;\">Un liquide, un solide, un gaz. Tant de formes pour une substance unique, tellement importante pour nous et pour notre plan\u00e8te. Un \u00e9tage entier du MAcA est d\u00e9di\u00e9 \u00e0 l&rsquo;<strong>or bleu<\/strong>, l&rsquo;appellation m\u00e9rit\u00e9e que l&rsquo;on donne \u00e0 l&rsquo;eau, pour le r\u00f4le si pr\u00e9cieux qu&rsquo;elle joue dans la vie de chacun de nous.<\/p>\n<p style=\"text-align: justify;\">Le parcours dure 90 minutes et met en lumi\u00e8re les aspects historiques li\u00e9s \u00e0 l&rsquo;approvisionnement hydrique, et \u00e0 la force de travail dont nous avons toujours pu profiter au long des cours d&rsquo;eau : nous examinons les pratiques anti gaspillages et anti pollution, jetons un regard sur les composantes biologiques de l&rsquo;eau et comprenons mieux\u00a0les services hydriques int\u00e9gr\u00e9s que nous pensons \u00e9vidents, mais qui ne le sont pas.<\/p>\n<h2 class=\"entry-title\">Laboratoires<\/h2>\n<div style=\"text-align: center;\">\n<\/div><div class=\"fusion-clearfix\"><\/div><\/div><\/div><div class=\"fusion-layout-column fusion_builder_column fusion-builder-column-1 fusion_builder_column_1_3 1_3 fusion-one-third fusion-column-first\" style=\"--awb-bg-size:cover;width:30.6666%; margin-right: 4%;\"><div class=\"fusion-column-wrapper fusion-flex-column-wrapper-legacy\"><div class=\"fusion-text fusion-text-2\"><p><img decoding=\"async\" class=\"alignnone wp-image-4059 size-full\" src=\"https:\/\/www.acomeambiente.org\/fr\/wp-content\/uploads\/sites\/2\/2015\/11\/Acqua-Bere-lacqua-del-rubinetto-1.jpg\" alt=\"\" width=\"300\" height=\"276\" srcset=\"https:\/\/www.acomeambiente.org\/fr\/wp-content\/uploads\/sites\/2\/2015\/11\/Acqua-Bere-lacqua-del-rubinetto-1-200x184.jpg 200w, https:\/\/www.acomeambiente.org\/fr\/wp-content\/uploads\/sites\/2\/2015\/11\/Acqua-Bere-lacqua-del-rubinetto-1.jpg 300w\" sizes=\"(max-width: 300px) 100vw, 300px\" \/><\/div>\n<div style=\"text-align: center;\"><\/div>\n<div>\n<div class=\"titoli_laboratori\">\n<p><strong>BOIRE L\u2019EAU DU ROBINET<\/strong><\/p>\n<\/div>\n<p>Une plan\u00e8te bleue, c\u2019est comme \u00e7a que l\u2019on appelle la Terre. Puisque, au final, notre monde est fait pour la plupart d\u2019eau. Sans cette pr\u00e9cieuse mol\u00e9cule, constitu\u00e9e de trois atomes, la vie, telle qu\u2019on la connait aujourd\u2019hui n\u2019existerait pas. Pourtant seulement 3% de l\u2019eu pr\u00e9sente sur la Terre est douce, dont 68% sous forme de glace. Comment g\u00e9rer cette pr\u00e9cieuse ressource de fa\u00e7on optimale? Ensemble, nous d\u00e9couvrirons le parcours que l\u2019eau doit accomplir chaque jour pour rejoindre maisons, \u00e9coles, h\u00f4pitaux, nous d\u00e9couvrirons aussi quelles sont les proc\u00e9dures qui en assurent la qualit\u00e9 et la quantit\u00e9.<\/p>\n<\/div>\n<\/div><div class=\"fusion-clearfix\"><\/div><\/div><\/div><div class=\"fusion-layout-column fusion_builder_column fusion-builder-column-2 fusion_builder_column_1_3 1_3 fusion-one-third\" style=\"--awb-bg-size:cover;width:30.6666%; margin-right: 4%;\"><div class=\"fusion-column-wrapper fusion-flex-column-wrapper-legacy\"><div class=\"fusion-text fusion-text-3\"><p><!--img class=\"img_laboratori alignnone size-medium wp-image-3621\" src=\"\/wp-content\/uploads\/2015\/11\/Acqua_2-300x276.gif\" alt=\"acqua_2\" width=\"300\" height=\"276\" \/--><img decoding=\"async\" class=\"aligncenter size-medium wp-image-4064\" src=\"\/wp-content\/uploads\/2015\/11\/Acqua-Il-teatro-dellacqua-300x276.jpg\" alt=\"acqua-il-teatro-dellacqua\" width=\"300\" height=\"276\" srcset=\"https:\/\/www.acomeambiente.org\/fr\/wp-content\/uploads\/sites\/2\/2015\/11\/Acqua-Il-teatro-dellacqua-200x184.jpg 200w, https:\/\/www.acomeambiente.org\/fr\/wp-content\/uploads\/sites\/2\/2015\/11\/Acqua-Il-teatro-dellacqua.jpg 300w\" sizes=\"(max-width: 300px) 100vw, 300px\" \/><\/p>\n<div class=\"titoli_laboratori\"><strong>LE TH\u00c9\u00c2TRE DE L&rsquo;EAU<\/strong><\/div>\n<p style=\"text-align: justify;\">Partons ensemble \u00e0 la d\u00e9couverte de la mol\u00e9cule qui couvre plus de 70% de la surface de notre plan\u00e8te. A partir de son cycle naturel et en passant par nos maisons, donnons un coup d\u2019\u0153il aux curieuses propri\u00e9t\u00e9s chimiques et physiques de l\u2019eau : capillarit\u00e9, capacit\u00e9s thermiques, solubilit\u00e9 n\u2019auront plus de secrets pour vous. Pour ne rien dire des superficies minimales, passages d\u2019\u00e9tat et des \u00a0fus\u00e9es \u00e0 eau !<\/p>\n<\/div><div class=\"fusion-clearfix\"><\/div><\/div><\/div><div class=\"fusion-layout-column fusion_builder_column fusion-builder-column-3 fusion_builder_column_1_3 1_3 fusion-one-third fusion-column-last\" style=\"--awb-bg-size:cover;width:30.6666%;\"><div class=\"fusion-column-wrapper fusion-flex-column-wrapper-legacy\"><div class=\"fusion-text fusion-text-4\"><p><!--img class=\"img_laboratori alignnone size-medium wp-image-3622\" src=\"\/wp-content\/uploads\/2015\/11\/Acqua_3-300x276.gif\" alt=\"acqua_3\" width=\"300\" height=\"276\" \/--><img decoding=\"async\" class=\"aligncenter size-medium wp-image-4063\" src=\"\/wp-content\/uploads\/2015\/11\/Acqua-Storia-di-una-molecola-meravigliosa-1-300x276.jpg\" alt=\"acqua-storia-di-una-molecola-meravigliosa\" width=\"300\" height=\"276\" srcset=\"https:\/\/www.acomeambiente.org\/fr\/wp-content\/uploads\/sites\/2\/2015\/11\/Acqua-Storia-di-una-molecola-meravigliosa-1-200x184.jpg 200w, https:\/\/www.acomeambiente.org\/fr\/wp-content\/uploads\/sites\/2\/2015\/11\/Acqua-Storia-di-una-molecola-meravigliosa-1.jpg 300w\" sizes=\"(max-width: 300px) 100vw, 300px\" \/><\/p>\n<div class=\"titoli_laboratori\"><strong class=\"titoli_laboratori\">HISTOIRE D&rsquo;UNE MOL\u00c9CULE MERVEILLEUSE<\/strong><\/div>\n<p><span style=\"color: #000000;\">Dire eau c&rsquo;est dire vie. Mais quelle est l&rsquo;histoire de cette substance? Des espaces cosmiques aux profondeurs de l&rsquo;oc\u00e9an, donnons un coup d&rsquo;\u0153il \u00e0 cette mol\u00e9cule merveilleuse, en partant\u00a0des atomes dont elle est constitu\u00e9e jusqu&rsquo;\u00e0 la chercher dans les endroits les plus impensables, tels que nos poumons, une fraise ou, simplement, les robinets de la maison.\u00a0<\/span>Sans oublier ceux qui, aujourd&rsquo;hui encore, doivent marcher longuement pour trouver\u00a0un puits o\u00f9\u00a0boire. On y plonge?<\/p>\n<\/div><div class=\"fusion-clearfix\"><\/div><\/div><\/div><div class=\"fusion-layout-column fusion_builder_column fusion-builder-column-4 fusion_builder_column_1_3 1_3 fusion-one-third fusion-column-first\" style=\"--awb-bg-size:cover;width:30.6666%; margin-right: 4%;\"><div class=\"fusion-column-wrapper fusion-flex-column-wrapper-legacy\"><div class=\"fusion-text fusion-text-5\"><p><!--img class=\"img_laboratori alignnone size-medium wp-image-3623\" src=\"\/wp-content\/uploads\/2015\/11\/Acqua_4-300x276.gif\" alt=\"acqua_4\" width=\"300\" height=\"276\" \/--><img decoding=\"async\" class=\"aligncenter size-medium wp-image-4062\" src=\"\/wp-content\/uploads\/2015\/11\/Acqua-Luniverso-nel-sottovaso-300x276.jpg\" alt=\"acqua-luniverso-nel-sottovaso\" width=\"300\" height=\"276\" srcset=\"https:\/\/www.acomeambiente.org\/fr\/wp-content\/uploads\/sites\/2\/2015\/11\/Acqua-Luniverso-nel-sottovaso-200x184.jpg 200w, https:\/\/www.acomeambiente.org\/fr\/wp-content\/uploads\/sites\/2\/2015\/11\/Acqua-Luniverso-nel-sottovaso.jpg 300w\" sizes=\"(max-width: 300px) 100vw, 300px\" \/><\/p>\n<div class=\"titoli_laboratori\"><strong>L\u2019UNIVERS\u00a0DANS UNE GOUTTE D&rsquo;EAU\u00a0: LE MICRO-MONDE DES MERVEILLES<\/strong><\/div>\n<p style=\"text-align: justify;\">Au-del\u00e0 de la barri\u00e8re de nos sens, se cache un microcosme riche de vies et d&rsquo;aventures. D\u00e9couvrir l&rsquo;environnement en d\u00e9couvrant\/observant ses plus petits habitants est possible, gr\u00e2ce \u00e0 l&rsquo;utilisation d&rsquo;instruments technologiques qui aident la compr\u00e9hension et allument la curiosit\u00e9 sur les formes vivantes les plus \u00e9l\u00e9mentaires, qui parfois m\u00eame, \u00e9chappent aux tests environnementaux.<\/p>\n<\/div><div class=\"fusion-clearfix\"><\/div><\/div><\/div><div class=\"fusion-layout-column fusion_builder_column fusion-builder-column-5 fusion_builder_column_1_3 1_3 fusion-one-third\" style=\"--awb-bg-size:cover;width:30.6666%; margin-right: 4%;\"><div class=\"fusion-column-wrapper fusion-flex-column-wrapper-legacy\"><div class=\"fusion-text fusion-text-6\"><p><!--img class=\"img_laboratori alignnone size-medium wp-image-3671\" src=\"\/wp-content\/uploads\/2015\/11\/Acqua_6-300x276.jpg\" alt=\"acqua_6\" width=\"300\" height=\"276\" \/--><img decoding=\"async\" class=\"aligncenter size-medium wp-image-4061\" src=\"\/wp-content\/uploads\/2015\/11\/Acqua-Le-mille-bolle-blu-e-non-solo-300x276.jpg\" alt=\"acqua-le-mille-bolle-blu-e-non-solo\" width=\"300\" height=\"276\" srcset=\"https:\/\/www.acomeambiente.org\/fr\/wp-content\/uploads\/sites\/2\/2015\/11\/Acqua-Le-mille-bolle-blu-e-non-solo-200x184.jpg 200w, https:\/\/www.acomeambiente.org\/fr\/wp-content\/uploads\/sites\/2\/2015\/11\/Acqua-Le-mille-bolle-blu-e-non-solo.jpg 300w\" sizes=\"(max-width: 300px) 100vw, 300px\" \/><\/p>\n<div class=\"titoli_laboratori\"><strong>MILLE BULLES BLEUES (MAIS PAS SEULEMENT\u00a0!)<\/strong><\/div>\n<p style=\"text-align: justify;\">Comment naissent les bulles de savon? A partir d\u2019une petite quantit\u00e9 d\u2019eau, il est possible de voyager avec fantaisie. Une aventure \u00e0 d\u00e9couvrir, faite de beaut\u00e9, de cr\u00e9ativit\u00e9 et d\u2019une pointe de physique. Apprends \u00e0 moduler ton souffle, observe la transformation de l\u2019eau et d\u00e9couvre tous les secrets pour donner vie \u00e0 une magie amusante.<\/p>\n<\/div><div class=\"fusion-clearfix\"><\/div><\/div><\/div><div class=\"fusion-layout-column fusion_builder_column fusion-builder-column-6 fusion_builder_column_1_3 1_3 fusion-one-third fusion-column-last\" style=\"--awb-bg-size:cover;width:30.6666%;\"><div class=\"fusion-column-wrapper fusion-flex-column-wrapper-legacy\"><div class=\"fusion-text fusion-text-7\"><p><!--img class=\"img_laboratori alignnone size-medium wp-image-3626\" src=\"\/wp-content\/uploads\/2015\/11\/Acqua_6-300x276.gif\" alt=\"acqua_6\" width=\"300\" height=\"276\" \/--><img decoding=\"async\" class=\"aligncenter size-medium wp-image-4060\" src=\"\/wp-content\/uploads\/2015\/11\/Acqua-Playdecide-Le-guerre-dellacqua-300x276.jpg\" alt=\"acqua-playdecide-le-guerre-dellacqua\" width=\"300\" height=\"276\" srcset=\"https:\/\/www.acomeambiente.org\/fr\/wp-content\/uploads\/sites\/2\/2015\/11\/Acqua-Playdecide-Le-guerre-dellacqua-200x184.jpg 200w, https:\/\/www.acomeambiente.org\/fr\/wp-content\/uploads\/sites\/2\/2015\/11\/Acqua-Playdecide-Le-guerre-dellacqua.jpg 300w\" sizes=\"(max-width: 300px) 100vw, 300px\" \/><\/p>\n<div class=\"titoli_laboratori\"><strong>PLAYDECIDE ! LES GUERRES DE L&rsquo;EAU<\/strong><\/div>\n<p style=\"text-align: justify;\">L&rsquo;eau est un bien pr\u00e9cieux, mais chacun n&rsquo;y a pas acc\u00e8s avec la m\u00eame facilit\u00e9. Le gaspillage, les changements climatiques et la pollution mettent en p\u00e9ril l&rsquo;avenir de l&rsquo;eau. Par une approche\u00a0participative et divertissante, discutons ensemble de sa consommation, avec l&rsquo;aide de donn\u00e9es, d&rsquo;histoires et des pointes de r\u00e9flexion pour analyser tous les facteurs en jeu.<\/p>\n<p style=\"text-align: left;\">\n<\/div><div class=\"fusion-clearfix\"><\/div><\/div><\/div><div class=\"fusion-layout-column fusion_builder_column fusion-builder-column-7 fusion_builder_column_1_3 1_3 fusion-one-third fusion-column-first\" style=\"--awb-bg-size:cover;width:30.6666%; margin-right: 4%;\"><div class=\"fusion-column-wrapper fusion-flex-column-wrapper-legacy\"><div class=\"fusion-text fusion-text-8\"><p><img decoding=\"async\" class=\"aligncenter wp-image-5576 size-full\" src=\"https:\/\/www.acomeambiente.org\/fr\/wp-content\/uploads\/sites\/2\/2021\/01\/Acqua.jpg\" alt=\"\" width=\"300\" height=\"276\" srcset=\"https:\/\/www.acomeambiente.org\/fr\/wp-content\/uploads\/sites\/2\/2021\/01\/Acqua-200x184.jpg 200w, https:\/\/www.acomeambiente.org\/fr\/wp-content\/uploads\/sites\/2\/2021\/01\/Acqua.jpg 300w\" sizes=\"(max-width: 300px) 100vw, 300px\" \/><\/p>\n<p><strong>EAU VIRTUELLE: ELLE EST L\u00c0, MAIS ON NE LA VOIT PAS!<\/strong><\/p>\n<p>Quel est la quantit\u00e9 d\u2019eau qui se cache dans une paire de pantalons? Ou dans un kilo de chocolat? Nous apprendrons \u00e0 calculer ce que l\u2019on appelle l\u2019empreinte eau des choses qui nous entourent. D\u2019apr\u00e8s l\u2019ONU entre 2025 et 2030 la p\u00e9nurie d\u2019eau atteindra un tiers des habitants dans le monde. En s\u2019informant aujourd\u2019hui, nous pourront \u00e9viter de rester au sec demain!<\/p>\n<\/div><div class=\"fusion-clearfix\"><\/div><\/div><\/div><div class=\"fusion-layout-column fusion_builder_column fusion-builder-column-8 fusion_builder_column_1_3 1_3 fusion-one-third\" style=\"--awb-bg-size:cover;width:30.6666%; margin-right: 4%;\"><div class=\"fusion-column-wrapper fusion-flex-column-wrapper-legacy\"><div class=\"fusion-text fusion-text-9\"><p><img decoding=\"async\" class=\"aligncenter wp-image-5577 size-full\" src=\"https:\/\/www.acomeambiente.org\/fr\/wp-content\/uploads\/sites\/2\/2021\/01\/fiume_def.png\" alt=\"\" width=\"299\" height=\"276\" srcset=\"https:\/\/www.acomeambiente.org\/fr\/wp-content\/uploads\/sites\/2\/2021\/01\/fiume_def-200x185.png 200w, https:\/\/www.acomeambiente.org\/fr\/wp-content\/uploads\/sites\/2\/2021\/01\/fiume_def.png 299w\" sizes=\"(max-width: 299px) 100vw, 299px\" \/><\/p>\n<p style=\"text-align: center;\"><strong>DU C\u020eT\u00c9 DU FLEUVE<\/strong><\/p>\n<p>\u00c0 qui appartient le fleuve qui passe \u00e0 c\u00f4t\u00e9 de chez nous? Comment va-t-il? Et comment est-ce que nous pouvons le comprendre? Nous irons le d\u00e9couvrir ensemble en nous d\u00e9guisant de <em>citizen scientist<\/em>: nous installerons un ballon sonde pour regarder d\u2019en haut le fleuve du Parc Dora, et d\u00e9couvrir qu\u2019il est bien possible de raconter notre fleuve sans nous mouiller pas m\u00eame le doigt!<\/p>\n<\/div><div class=\"fusion-clearfix\"><\/div><\/div><\/div><div class=\"fusion-layout-column fusion_builder_column fusion-builder-column-9 fusion_builder_column_1_1 1_1 fusion-one-full fusion-column-last fusion-column-no-min-height\" style=\"--awb-bg-size:cover;--awb-margin-bottom:0px;width:100%;\"><div class=\"fusion-column-wrapper fusion-flex-column-wrapper-legacy\"><div class=\"fusion-clearfix\"><\/div><\/div><\/div><div class=\"fusion-text fusion-text-10\"><\/div><\/p>\n","protected":false},"excerpt":{"rendered":"","protected":false},"author":1025,"featured_media":0,"parent":1954,"menu_order":0,"comment_status":"closed","ping_status":"closed","template":"","meta":{"footnotes":""},"class_list":["post-4876","page","type-page","status-publish","hentry"],"yoast_head":"<!-- This site is optimized with the Yoast SEO plugin v26.9 - https:\/\/yoast.com\/product\/yoast-seo-wordpress\/ -->\n<title>L&#039;EAU - Fr - MAcA - Museo A come Ambiente<\/title>\n<meta name=\"robots\" content=\"index, follow, max-snippet:-1, max-image-preview:large, max-video-preview:-1\" \/>\n<link rel=\"canonical\" href=\"https:\/\/www.acomeambiente.org\/fr\/visite\/ecoles\/eau\/\" \/>\n<meta property=\"og:locale\" content=\"fr_FR\" \/>\n<meta property=\"og:type\" content=\"article\" \/>\n<meta property=\"og:title\" content=\"L&#039;EAU - Fr - MAcA - Museo A come Ambiente\" \/>\n<meta property=\"og:url\" content=\"https:\/\/www.acomeambiente.org\/fr\/visite\/ecoles\/eau\/\" \/>\n<meta property=\"og:site_name\" content=\"Fr - MAcA - Museo A come Ambiente\" \/>\n<meta property=\"article:modified_time\" content=\"2023-09-20T13:13:22+00:00\" \/>\n<meta property=\"og:image\" content=\"https:\/\/www.acomeambiente.org\/fr\/wp-content\/uploads\/sites\/2\/2015\/11\/Acqua-Bere-lacqua-del-rubinetto-1.jpg\" \/>\n<meta name=\"twitter:card\" content=\"summary_large_image\" \/>\n<meta name=\"twitter:label1\" content=\"Dur\u00e9e de lecture estim\u00e9e\" \/>\n\t<meta name=\"twitter:data1\" content=\"7 minutes\" \/>\n<script type=\"application\/ld+json\" class=\"yoast-schema-graph\">{\"@context\":\"https:\/\/schema.org\",\"@graph\":[{\"@type\":\"WebPage\",\"@id\":\"https:\/\/www.acomeambiente.org\/fr\/visite\/ecoles\/eau\/\",\"url\":\"https:\/\/www.acomeambiente.org\/fr\/visite\/ecoles\/eau\/\",\"name\":\"L'EAU - Fr - MAcA - Museo A come Ambiente\",\"isPartOf\":{\"@id\":\"https:\/\/www.acomeambiente.org\/fr\/#website\"},\"primaryImageOfPage\":{\"@id\":\"https:\/\/www.acomeambiente.org\/fr\/visite\/ecoles\/eau\/#primaryimage\"},\"image\":{\"@id\":\"https:\/\/www.acomeambiente.org\/fr\/visite\/ecoles\/eau\/#primaryimage\"},\"thumbnailUrl\":\"https:\/\/www.acomeambiente.org\/fr\/wp-content\/uploads\/sites\/2\/2015\/11\/Acqua-Bere-lacqua-del-rubinetto-1.jpg\",\"datePublished\":\"2017-06-15T14:17:00+00:00\",\"dateModified\":\"2023-09-20T13:13:22+00:00\",\"breadcrumb\":{\"@id\":\"https:\/\/www.acomeambiente.org\/fr\/visite\/ecoles\/eau\/#breadcrumb\"},\"inLanguage\":\"fr-FR\",\"potentialAction\":[{\"@type\":\"ReadAction\",\"target\":[\"https:\/\/www.acomeambiente.org\/fr\/visite\/ecoles\/eau\/\"]}]},{\"@type\":\"ImageObject\",\"inLanguage\":\"fr-FR\",\"@id\":\"https:\/\/www.acomeambiente.org\/fr\/visite\/ecoles\/eau\/#primaryimage\",\"url\":\"https:\/\/www.acomeambiente.org\/fr\/wp-content\/uploads\/sites\/2\/2015\/11\/Acqua-Bere-lacqua-del-rubinetto-1.jpg\",\"contentUrl\":\"https:\/\/www.acomeambiente.org\/fr\/wp-content\/uploads\/sites\/2\/2015\/11\/Acqua-Bere-lacqua-del-rubinetto-1.jpg\",\"width\":300,\"height\":276},{\"@type\":\"BreadcrumbList\",\"@id\":\"https:\/\/www.acomeambiente.org\/fr\/visite\/ecoles\/eau\/#breadcrumb\",\"itemListElement\":[{\"@type\":\"ListItem\",\"position\":1,\"name\":\"Home\",\"item\":\"https:\/\/www.acomeambiente.org\/fr\/\"},{\"@type\":\"ListItem\",\"position\":2,\"name\":\"Visite\",\"item\":\"https:\/\/www.acomeambiente.org\/fr\/visite\/\"},{\"@type\":\"ListItem\",\"position\":3,\"name\":\"\u00c9coles\",\"item\":\"https:\/\/www.acomeambiente.org\/fr\/visite\/ecoles\/\"},{\"@type\":\"ListItem\",\"position\":4,\"name\":\"L&rsquo;EAU\"}]},{\"@type\":\"WebSite\",\"@id\":\"https:\/\/www.acomeambiente.org\/fr\/#website\",\"url\":\"https:\/\/www.acomeambiente.org\/fr\/\",\"name\":\"Fr - MAcA - Museo A come Ambiente\",\"description\":\"Passa al MAcA, costruiamo insieme un mondo pi\u00f9 sostenibile\",\"potentialAction\":[{\"@type\":\"SearchAction\",\"target\":{\"@type\":\"EntryPoint\",\"urlTemplate\":\"https:\/\/www.acomeambiente.org\/fr\/?s={search_term_string}\"},\"query-input\":{\"@type\":\"PropertyValueSpecification\",\"valueRequired\":true,\"valueName\":\"search_term_string\"}}],\"inLanguage\":\"fr-FR\"}]}<\/script>\n<!-- \/ Yoast SEO plugin. -->","yoast_head_json":{"title":"L'EAU - Fr - MAcA - Museo A come Ambiente","robots":{"index":"index","follow":"follow","max-snippet":"max-snippet:-1","max-image-preview":"max-image-preview:large","max-video-preview":"max-video-preview:-1"},"canonical":"https:\/\/www.acomeambiente.org\/fr\/visite\/ecoles\/eau\/","og_locale":"fr_FR","og_type":"article","og_title":"L'EAU - Fr - MAcA - Museo A come Ambiente","og_url":"https:\/\/www.acomeambiente.org\/fr\/visite\/ecoles\/eau\/","og_site_name":"Fr - MAcA - Museo A come Ambiente","article_modified_time":"2023-09-20T13:13:22+00:00","og_image":[{"url":"https:\/\/www.acomeambiente.org\/fr\/wp-content\/uploads\/sites\/2\/2015\/11\/Acqua-Bere-lacqua-del-rubinetto-1.jpg","type":"","width":"","height":""}],"twitter_card":"summary_large_image","twitter_misc":{"Dur\u00e9e de lecture estim\u00e9e":"7 minutes"},"schema":{"@context":"https:\/\/schema.org","@graph":[{"@type":"WebPage","@id":"https:\/\/www.acomeambiente.org\/fr\/visite\/ecoles\/eau\/","url":"https:\/\/www.acomeambiente.org\/fr\/visite\/ecoles\/eau\/","name":"L'EAU - Fr - MAcA - Museo A come Ambiente","isPartOf":{"@id":"https:\/\/www.acomeambiente.org\/fr\/#website"},"primaryImageOfPage":{"@id":"https:\/\/www.acomeambiente.org\/fr\/visite\/ecoles\/eau\/#primaryimage"},"image":{"@id":"https:\/\/www.acomeambiente.org\/fr\/visite\/ecoles\/eau\/#primaryimage"},"thumbnailUrl":"https:\/\/www.acomeambiente.org\/fr\/wp-content\/uploads\/sites\/2\/2015\/11\/Acqua-Bere-lacqua-del-rubinetto-1.jpg","datePublished":"2017-06-15T14:17:00+00:00","dateModified":"2023-09-20T13:13:22+00:00","breadcrumb":{"@id":"https:\/\/www.acomeambiente.org\/fr\/visite\/ecoles\/eau\/#breadcrumb"},"inLanguage":"fr-FR","potentialAction":[{"@type":"ReadAction","target":["https:\/\/www.acomeambiente.org\/fr\/visite\/ecoles\/eau\/"]}]},{"@type":"ImageObject","inLanguage":"fr-FR","@id":"https:\/\/www.acomeambiente.org\/fr\/visite\/ecoles\/eau\/#primaryimage","url":"https:\/\/www.acomeambiente.org\/fr\/wp-content\/uploads\/sites\/2\/2015\/11\/Acqua-Bere-lacqua-del-rubinetto-1.jpg","contentUrl":"https:\/\/www.acomeambiente.org\/fr\/wp-content\/uploads\/sites\/2\/2015\/11\/Acqua-Bere-lacqua-del-rubinetto-1.jpg","width":300,"height":276},{"@type":"BreadcrumbList","@id":"https:\/\/www.acomeambiente.org\/fr\/visite\/ecoles\/eau\/#breadcrumb","itemListElement":[{"@type":"ListItem","position":1,"name":"Home","item":"https:\/\/www.acomeambiente.org\/fr\/"},{"@type":"ListItem","position":2,"name":"Visite","item":"https:\/\/www.acomeambiente.org\/fr\/visite\/"},{"@type":"ListItem","position":3,"name":"\u00c9coles","item":"https:\/\/www.acomeambiente.org\/fr\/visite\/ecoles\/"},{"@type":"ListItem","position":4,"name":"L&rsquo;EAU"}]},{"@type":"WebSite","@id":"https:\/\/www.acomeambiente.org\/fr\/#website","url":"https:\/\/www.acomeambiente.org\/fr\/","name":"Fr - MAcA - Museo A come Ambiente","description":"Passa al MAcA, costruiamo insieme un mondo pi\u00f9 sostenibile","potentialAction":[{"@type":"SearchAction","target":{"@type":"EntryPoint","urlTemplate":"https:\/\/www.acomeambiente.org\/fr\/?s={search_term_string}"},"query-input":{"@type":"PropertyValueSpecification","valueRequired":true,"valueName":"search_term_string"}}],"inLanguage":"fr-FR"}]}},"_links":{"self":[{"href":"https:\/\/www.acomeambiente.org\/fr\/wp-json\/wp\/v2\/pages\/4876","targetHints":{"allow":["GET"]}}],"collection":[{"href":"https:\/\/www.acomeambiente.org\/fr\/wp-json\/wp\/v2\/pages"}],"about":[{"href":"https:\/\/www.acomeambiente.org\/fr\/wp-json\/wp\/v2\/types\/page"}],"author":[{"embeddable":true,"href":"https:\/\/www.acomeambiente.org\/fr\/wp-json\/wp\/v2\/users\/1025"}],"replies":[{"embeddable":true,"href":"https:\/\/www.acomeambiente.org\/fr\/wp-json\/wp\/v2\/comments?post=4876"}],"version-history":[{"count":27,"href":"https:\/\/www.acomeambiente.org\/fr\/wp-json\/wp\/v2\/pages\/4876\/revisions"}],"predecessor-version":[{"id":5631,"href":"https:\/\/www.acomeambiente.org\/fr\/wp-json\/wp\/v2\/pages\/4876\/revisions\/5631"}],"up":[{"embeddable":true,"href":"https:\/\/www.acomeambiente.org\/fr\/wp-json\/wp\/v2\/pages\/1954"}],"wp:attachment":[{"href":"https:\/\/www.acomeambiente.org\/fr\/wp-json\/wp\/v2\/media?parent=4876"}],"curies":[{"name":"wp","href":"https:\/\/api.w.org\/{rel}","templated":true}]}}