{"id":382,"date":"2015-03-31T08:05:02","date_gmt":"2015-03-31T08:05:02","guid":{"rendered":"http:\/\/test.acomeambiente.org\/?page_id=382"},"modified":"2017-06-26T10:01:53","modified_gmt":"2017-06-26T10:01:53","slug":"les-dechets","status":"publish","type":"page","link":"https:\/\/www.acomeambiente.org\/fr\/le-batiment-historique\/les-dechets\/","title":{"rendered":"Les D\u00e9chets"},"content":{"rendered":"<p><img decoding=\"async\" class=\"alignnone size-full wp-image-789\" src=\"http:\/\/test.acomeambiente.org\/wp-content\/uploads\/sites\/2\/2015\/03\/AcomeA_1111.jpg\" alt=\"AcomeA_111\" width=\"900\" height=\"330\" srcset=\"https:\/\/www.acomeambiente.org\/fr\/wp-content\/uploads\/sites\/2\/2015\/03\/AcomeA_1111-300x110.jpg 300w, https:\/\/www.acomeambiente.org\/fr\/wp-content\/uploads\/sites\/2\/2015\/03\/AcomeA_1111-600x220.jpg 600w, https:\/\/www.acomeambiente.org\/fr\/wp-content\/uploads\/sites\/2\/2015\/03\/AcomeA_1111.jpg 900w\" sizes=\"(max-width: 900px) 100vw, 900px\" \/><\/p>\n<h1 class=\"entry-title\">LES D\u00c9CHETS<\/h1>\n<p>Du supermarch\u00e9 \u00e0 notre maison, de la poubelle au thermo-valorisateur, jusqu&rsquo;\u00e0 la d\u00e9charge : quel est le cycle de vie des produits que nous achetons et consommons ?<\/p>\n<p>Pour le d\u00e9couvrir, le visiteur est accompagn\u00e9 dans un voyage entre poubelles qui parlent, personnages myst\u00e9rieux d\u00e9vou\u00e9s au recyclage des mat\u00e9riaux, et lieux pens\u00e9s pour analyser le plastique, l\u2019aluminium, le verre, le papier et le carton. Un parcours dont le but est de r\u00e9fl\u00e9chir sur nos fa\u00e7ons de consommer et les bonnes pratiques\u00a0qui permettent de\u00a0r\u00e9duire la quantit\u00e9 d\u2019emballages et de d\u00e9chets. Afin que\u00a0que notre empreinte environnementale puisse devenir toujours plus l\u00e9g\u00e8re, et notre pr\u00e9sence sur la Plan\u00e8te toujours plus durable.<\/p>\n","protected":false},"excerpt":{"rendered":"<p>LES D\u00c9CHETS Du supermarch\u00e9 \u00e0 notre maison, de la poubelle au thermo-valorisateur, jusqu&rsquo;\u00e0 la d\u00e9charge : quel est le cycle de vie des produits que nous achetons et consommons ?  [&#8230;]<\/p>\n","protected":false},"author":1025,"featured_media":0,"parent":4982,"menu_order":3,"comment_status":"closed","ping_status":"closed","template":"","meta":{"footnotes":""},"class_list":["post-382","page","type-page","status-publish","hentry"],"yoast_head":"<!-- This site is optimized with the Yoast SEO plugin v26.9 - https:\/\/yoast.com\/product\/yoast-seo-wordpress\/ -->\n<title>Les D\u00e9chets - Fr - MAcA - Museo A come Ambiente<\/title>\n<meta name=\"robots\" content=\"index, follow, max-snippet:-1, max-image-preview:large, max-video-preview:-1\" \/>\n<link rel=\"canonical\" href=\"https:\/\/www.acomeambiente.org\/fr\/le-batiment-historique\/les-dechets\/\" \/>\n<meta property=\"og:locale\" content=\"fr_FR\" \/>\n<meta property=\"og:type\" content=\"article\" \/>\n<meta property=\"og:title\" content=\"Les D\u00e9chets - Fr - MAcA - Museo A come Ambiente\" \/>\n<meta property=\"og:description\" content=\"LES D\u00c9CHETS Du supermarch\u00e9 \u00e0 notre maison, de la poubelle au thermo-valorisateur, jusqu&rsquo;\u00e0 la d\u00e9charge : quel est le cycle de vie des produits que nous achetons et consommons ? [...]\" \/>\n<meta property=\"og:url\" content=\"https:\/\/www.acomeambiente.org\/fr\/le-batiment-historique\/les-dechets\/\" \/>\n<meta property=\"og:site_name\" content=\"Fr - MAcA - Museo A come Ambiente\" \/>\n<meta property=\"article:modified_time\" content=\"2017-06-26T10:01:53+00:00\" \/>\n<meta property=\"og:image\" content=\"http:\/\/test.acomeambiente.org\/wp-content\/uploads\/sites\/2\/2015\/03\/AcomeA_1111.jpg\" \/>\n<meta name=\"twitter:card\" content=\"summary_large_image\" \/>\n<meta name=\"twitter:label1\" content=\"Dur\u00e9e de lecture estim\u00e9e\" \/>\n\t<meta name=\"twitter:data1\" content=\"1 minute\" \/>\n<script type=\"application\/ld+json\" class=\"yoast-schema-graph\">{\"@context\":\"https:\/\/schema.org\",\"@graph\":[{\"@type\":\"WebPage\",\"@id\":\"https:\/\/www.acomeambiente.org\/fr\/le-batiment-historique\/les-dechets\/\",\"url\":\"https:\/\/www.acomeambiente.org\/fr\/le-batiment-historique\/les-dechets\/\",\"name\":\"Les D\u00e9chets - Fr - MAcA - Museo A come Ambiente\",\"isPartOf\":{\"@id\":\"https:\/\/www.acomeambiente.org\/fr\/#website\"},\"primaryImageOfPage\":{\"@id\":\"https:\/\/www.acomeambiente.org\/fr\/le-batiment-historique\/les-dechets\/#primaryimage\"},\"image\":{\"@id\":\"https:\/\/www.acomeambiente.org\/fr\/le-batiment-historique\/les-dechets\/#primaryimage\"},\"thumbnailUrl\":\"http:\/\/test.acomeambiente.org\/wp-content\/uploads\/sites\/2\/2015\/03\/AcomeA_1111.jpg\",\"datePublished\":\"2015-03-31T08:05:02+00:00\",\"dateModified\":\"2017-06-26T10:01:53+00:00\",\"breadcrumb\":{\"@id\":\"https:\/\/www.acomeambiente.org\/fr\/le-batiment-historique\/les-dechets\/#breadcrumb\"},\"inLanguage\":\"fr-FR\",\"potentialAction\":[{\"@type\":\"ReadAction\",\"target\":[\"https:\/\/www.acomeambiente.org\/fr\/le-batiment-historique\/les-dechets\/\"]}]},{\"@type\":\"ImageObject\",\"inLanguage\":\"fr-FR\",\"@id\":\"https:\/\/www.acomeambiente.org\/fr\/le-batiment-historique\/les-dechets\/#primaryimage\",\"url\":\"http:\/\/test.acomeambiente.org\/wp-content\/uploads\/sites\/2\/2015\/03\/AcomeA_1111.jpg\",\"contentUrl\":\"http:\/\/test.acomeambiente.org\/wp-content\/uploads\/sites\/2\/2015\/03\/AcomeA_1111.jpg\"},{\"@type\":\"BreadcrumbList\",\"@id\":\"https:\/\/www.acomeambiente.org\/fr\/le-batiment-historique\/les-dechets\/#breadcrumb\",\"itemListElement\":[{\"@type\":\"ListItem\",\"position\":1,\"name\":\"Home\",\"item\":\"https:\/\/www.acomeambiente.org\/fr\/\"},{\"@type\":\"ListItem\",\"position\":2,\"name\":\"Le b\u00e2timent historique\",\"item\":\"https:\/\/www.acomeambiente.org\/fr\/le-batiment-historique\/\"},{\"@type\":\"ListItem\",\"position\":3,\"name\":\"Les D\u00e9chets\"}]},{\"@type\":\"WebSite\",\"@id\":\"https:\/\/www.acomeambiente.org\/fr\/#website\",\"url\":\"https:\/\/www.acomeambiente.org\/fr\/\",\"name\":\"Fr - MAcA - Museo A come Ambiente\",\"description\":\"Passa al MAcA, costruiamo insieme un mondo pi\u00f9 sostenibile\",\"potentialAction\":[{\"@type\":\"SearchAction\",\"target\":{\"@type\":\"EntryPoint\",\"urlTemplate\":\"https:\/\/www.acomeambiente.org\/fr\/?s={search_term_string}\"},\"query-input\":{\"@type\":\"PropertyValueSpecification\",\"valueRequired\":true,\"valueName\":\"search_term_string\"}}],\"inLanguage\":\"fr-FR\"}]}<\/script>\n<!-- \/ Yoast SEO plugin. -->","yoast_head_json":{"title":"Les D\u00e9chets - Fr - MAcA - Museo A come Ambiente","robots":{"index":"index","follow":"follow","max-snippet":"max-snippet:-1","max-image-preview":"max-image-preview:large","max-video-preview":"max-video-preview:-1"},"canonical":"https:\/\/www.acomeambiente.org\/fr\/le-batiment-historique\/les-dechets\/","og_locale":"fr_FR","og_type":"article","og_title":"Les D\u00e9chets - Fr - MAcA - Museo A come Ambiente","og_description":"LES D\u00c9CHETS Du supermarch\u00e9 \u00e0 notre maison, de la poubelle au thermo-valorisateur, jusqu&rsquo;\u00e0 la d\u00e9charge : quel est le cycle de vie des produits que nous achetons et consommons ? [...]","og_url":"https:\/\/www.acomeambiente.org\/fr\/le-batiment-historique\/les-dechets\/","og_site_name":"Fr - MAcA - Museo A come Ambiente","article_modified_time":"2017-06-26T10:01:53+00:00","og_image":[{"url":"http:\/\/test.acomeambiente.org\/wp-content\/uploads\/sites\/2\/2015\/03\/AcomeA_1111.jpg","type":"","width":"","height":""}],"twitter_card":"summary_large_image","twitter_misc":{"Dur\u00e9e de lecture estim\u00e9e":"1 minute"},"schema":{"@context":"https:\/\/schema.org","@graph":[{"@type":"WebPage","@id":"https:\/\/www.acomeambiente.org\/fr\/le-batiment-historique\/les-dechets\/","url":"https:\/\/www.acomeambiente.org\/fr\/le-batiment-historique\/les-dechets\/","name":"Les D\u00e9chets - Fr - MAcA - Museo A come Ambiente","isPartOf":{"@id":"https:\/\/www.acomeambiente.org\/fr\/#website"},"primaryImageOfPage":{"@id":"https:\/\/www.acomeambiente.org\/fr\/le-batiment-historique\/les-dechets\/#primaryimage"},"image":{"@id":"https:\/\/www.acomeambiente.org\/fr\/le-batiment-historique\/les-dechets\/#primaryimage"},"thumbnailUrl":"http:\/\/test.acomeambiente.org\/wp-content\/uploads\/sites\/2\/2015\/03\/AcomeA_1111.jpg","datePublished":"2015-03-31T08:05:02+00:00","dateModified":"2017-06-26T10:01:53+00:00","breadcrumb":{"@id":"https:\/\/www.acomeambiente.org\/fr\/le-batiment-historique\/les-dechets\/#breadcrumb"},"inLanguage":"fr-FR","potentialAction":[{"@type":"ReadAction","target":["https:\/\/www.acomeambiente.org\/fr\/le-batiment-historique\/les-dechets\/"]}]},{"@type":"ImageObject","inLanguage":"fr-FR","@id":"https:\/\/www.acomeambiente.org\/fr\/le-batiment-historique\/les-dechets\/#primaryimage","url":"http:\/\/test.acomeambiente.org\/wp-content\/uploads\/sites\/2\/2015\/03\/AcomeA_1111.jpg","contentUrl":"http:\/\/test.acomeambiente.org\/wp-content\/uploads\/sites\/2\/2015\/03\/AcomeA_1111.jpg"},{"@type":"BreadcrumbList","@id":"https:\/\/www.acomeambiente.org\/fr\/le-batiment-historique\/les-dechets\/#breadcrumb","itemListElement":[{"@type":"ListItem","position":1,"name":"Home","item":"https:\/\/www.acomeambiente.org\/fr\/"},{"@type":"ListItem","position":2,"name":"Le b\u00e2timent historique","item":"https:\/\/www.acomeambiente.org\/fr\/le-batiment-historique\/"},{"@type":"ListItem","position":3,"name":"Les D\u00e9chets"}]},{"@type":"WebSite","@id":"https:\/\/www.acomeambiente.org\/fr\/#website","url":"https:\/\/www.acomeambiente.org\/fr\/","name":"Fr - MAcA - Museo A come Ambiente","description":"Passa al MAcA, costruiamo insieme un mondo pi\u00f9 sostenibile","potentialAction":[{"@type":"SearchAction","target":{"@type":"EntryPoint","urlTemplate":"https:\/\/www.acomeambiente.org\/fr\/?s={search_term_string}"},"query-input":{"@type":"PropertyValueSpecification","valueRequired":true,"valueName":"search_term_string"}}],"inLanguage":"fr-FR"}]}},"_links":{"self":[{"href":"https:\/\/www.acomeambiente.org\/fr\/wp-json\/wp\/v2\/pages\/382","targetHints":{"allow":["GET"]}}],"collection":[{"href":"https:\/\/www.acomeambiente.org\/fr\/wp-json\/wp\/v2\/pages"}],"about":[{"href":"https:\/\/www.acomeambiente.org\/fr\/wp-json\/wp\/v2\/types\/page"}],"author":[{"embeddable":true,"href":"https:\/\/www.acomeambiente.org\/fr\/wp-json\/wp\/v2\/users\/1025"}],"replies":[{"embeddable":true,"href":"https:\/\/www.acomeambiente.org\/fr\/wp-json\/wp\/v2\/comments?post=382"}],"version-history":[{"count":11,"href":"https:\/\/www.acomeambiente.org\/fr\/wp-json\/wp\/v2\/pages\/382\/revisions"}],"predecessor-version":[{"id":5277,"href":"https:\/\/www.acomeambiente.org\/fr\/wp-json\/wp\/v2\/pages\/382\/revisions\/5277"}],"up":[{"embeddable":true,"href":"https:\/\/www.acomeambiente.org\/fr\/wp-json\/wp\/v2\/pages\/4982"}],"wp:attachment":[{"href":"https:\/\/www.acomeambiente.org\/fr\/wp-json\/wp\/v2\/media?parent=382"}],"curies":[{"name":"wp","href":"https:\/\/api.w.org\/{rel}","templated":true}]}}