{"id":3676,"date":"2016-10-03T08:40:46","date_gmt":"2016-10-03T08:40:46","guid":{"rendered":"http:\/\/www.acomeambiente.org\/fr\/?page_id=3676"},"modified":"2021-01-27T09:06:52","modified_gmt":"2021-01-27T09:06:52","slug":"environnement-360","status":"publish","type":"page","link":"https:\/\/www.acomeambiente.org\/fr\/visite\/ecoles\/environnement-360\/","title":{"rendered":"Environnement 360\u00b0"},"content":{"rendered":"<div class=\"fusion-fullwidth fullwidth-box fusion-builder-row-1 hundred-percent-fullwidth non-hundred-percent-height-scrolling\" style=\"--awb-border-radius-top-left:0px;--awb-border-radius-top-right:0px;--awb-border-radius-bottom-right:0px;--awb-border-radius-bottom-left:0px;--awb-overflow:visible;--awb-flex-wrap:wrap;\" ><div class=\"fusion-builder-row fusion-row\"><div class=\"fusion-layout-column fusion_builder_column fusion-builder-column-0 fusion_builder_column_1_1 1_1 fusion-one-full fusion-column-first fusion-column-last fusion-column-no-min-height\" style=\"--awb-bg-size:cover;--awb-margin-bottom:0px;\"><div class=\"fusion-column-wrapper fusion-flex-column-wrapper-legacy\"><div class=\"fusion-text fusion-text-1\"><p><img decoding=\"async\" class=\"aligncenter wp-image-3677 size-full\" src=\"https:\/\/www.acomeambiente.org\/fr\/wp-content\/uploads\/sites\/2\/2016\/10\/Laboratori.jpg\" alt=\"\" width=\"900\" height=\"330\" srcset=\"https:\/\/www.acomeambiente.org\/fr\/wp-content\/uploads\/sites\/2\/2016\/10\/Laboratori-200x73.jpg 200w, https:\/\/www.acomeambiente.org\/fr\/wp-content\/uploads\/sites\/2\/2016\/10\/Laboratori-300x110.jpg 300w, https:\/\/www.acomeambiente.org\/fr\/wp-content\/uploads\/sites\/2\/2016\/10\/Laboratori-400x147.jpg 400w, https:\/\/www.acomeambiente.org\/fr\/wp-content\/uploads\/sites\/2\/2016\/10\/Laboratori-600x220.jpg 600w, https:\/\/www.acomeambiente.org\/fr\/wp-content\/uploads\/sites\/2\/2016\/10\/Laboratori-768x282.jpg 768w, https:\/\/www.acomeambiente.org\/fr\/wp-content\/uploads\/sites\/2\/2016\/10\/Laboratori-800x293.jpg 800w, https:\/\/www.acomeambiente.org\/fr\/wp-content\/uploads\/sites\/2\/2016\/10\/Laboratori.jpg 900w\" sizes=\"(max-width: 900px) 100vw, 900px\" \/><\/p>\n<h1 class=\"entry-title\">Environnement\u00a0360\u00b0<\/h1>\n<p style=\"text-align: justify;\">Le MAcA \u2013 Mus\u00e9e\u00a0<em>A come Ambiente <\/em>de Turin, offre encore cette ann\u00e9e, dans l&rsquo;esprit participatif de toujours, mais dans un espace compl\u00e8tement renouvel\u00e9, un voyage au c\u0153ur de l&rsquo;environnement, fait de divertissements et de d\u00e9couvertes.<br \/>\n\u00c9norm\u00e9ment de surprises et de nouveaut\u00e9s ont enrichi le Mus\u00e9e, pour offrir au visiteur une exp\u00e9rience active encore plus fascinante.<br \/>\nGr\u00e2ce \u00e0 une large gamme de Laboratoires, nous approfondirons les principaux th\u00e8mes li\u00e9s \u00e0 l&rsquo;Environnement, en offrant des stimuli nous incitant\u00a0\u00e0 r\u00e9fl\u00e9chir au monde qui nous entoure.\u00a0Nos laboratoires sont pens\u00e9s pour accompagner les \u00e9l\u00e8ves et les enseignants de fa\u00e7on innovante, participative et divertissante, dans le but d&rsquo;informer le citoyen de demain sur la possibilit\u00e9 de la mise en pratique\u00a0de comportements et habitudes plus conscients et \u00e9co-responsables.<\/p>\n<h2 class=\"entry-title\">Laboratoires<\/h2>\n<\/div><div class=\"fusion-clearfix\"><\/div><\/div><\/div><div class=\"fusion-layout-column fusion_builder_column fusion-builder-column-1 fusion_builder_column_1_3 1_3 fusion-one-third fusion-column-first\" style=\"--awb-bg-size:cover;width:30.6666%; margin-right: 4%;\"><div class=\"fusion-column-wrapper fusion-flex-column-wrapper-legacy\"><div class=\"fusion-text fusion-text-2\"><p><!--img class=\"img_laboratori alignnone wp-image-3679 size-medium\" src=\"http:\/\/www.acomeambiente.org\/wp-content\/uploads\/sites\/2\/2016\/10\/Lab1-300x276.jpg\" width=\"300\" height=\"276\" \/--><img decoding=\"async\" class=\"aligncenter size-medium wp-image-4088\" src=\"http:\/\/www.acomeambiente.org\/wp-content\/uploads\/sites\/2\/2016\/10\/Ambiente-360\u00b0-Playdecide-Cambiamenti-Climatici-300x276.jpg\" alt=\"ambiente-360-playdecide-cambiamenti-climatici\" width=\"300\" height=\"276\" srcset=\"https:\/\/www.acomeambiente.org\/fr\/wp-content\/uploads\/sites\/2\/2016\/10\/Ambiente-360\u00b0-Playdecide-Cambiamenti-Climatici-200x184.jpg 200w, https:\/\/www.acomeambiente.org\/fr\/wp-content\/uploads\/sites\/2\/2016\/10\/Ambiente-360\u00b0-Playdecide-Cambiamenti-Climatici.jpg 300w\" sizes=\"(max-width: 300px) 100vw, 300px\" \/><\/p>\n<div class=\"titoli_laboratori\">\n<p><strong>PLAYDECIDE !\u00a0LES CHANGEMENTS CLIMATIQUES<\/strong><\/p>\n<\/div>\n<p style=\"text-align: justify;\">Les changements climatiques sont d\u00e9sormais une r\u00e9alit\u00e9 qui met en danger les populations et la \u00ab\u00a0g\u00e9ographie\u00a0\u00bb de notre Plan\u00e8te. Le plus grand responsable semble bien \u00eatre\u00a0l&rsquo;homme, qui a \u00e9galement dans les mains des solutions \u00e0 apporter \u00e0 ce(s) s\u00e9rieux probl\u00e8me(s). Que pouvons-nous faire, comme personne et comme citoyen\u00a0pour conjurer cette menace ?<\/p>\n<\/div><div class=\"fusion-clearfix\"><\/div><\/div><\/div><div class=\"fusion-layout-column fusion_builder_column fusion-builder-column-2 fusion_builder_column_1_3 1_3 fusion-one-third\" style=\"--awb-bg-size:cover;width:30.6666%; margin-right: 4%;\"><div class=\"fusion-column-wrapper fusion-flex-column-wrapper-legacy\"><div class=\"fusion-text fusion-text-3\"><p><!--img class=\"img_laboratori alignnone wp-image-3680 size-medium\" src=\"http:\/\/www.acomeambiente.org\/wp-content\/uploads\/sites\/2\/2016\/10\/Lab-2-300x276.jpg\" width=\"300\" height=\"276\" \/--><img decoding=\"async\" class=\"aligncenter size-medium wp-image-4089\" src=\"http:\/\/www.acomeambiente.org\/wp-content\/uploads\/sites\/2\/2016\/10\/Ambiente-360-Professione-amb-iente-prove-di-green-economy-300x276.jpg\" alt=\"ambiente-360-professione-amb-iente-prove-di-green-economy\" width=\"300\" height=\"276\" srcset=\"https:\/\/www.acomeambiente.org\/fr\/wp-content\/uploads\/sites\/2\/2016\/10\/Ambiente-360-Professione-amb-iente-prove-di-green-economy-200x184.jpg 200w, https:\/\/www.acomeambiente.org\/fr\/wp-content\/uploads\/sites\/2\/2016\/10\/Ambiente-360-Professione-amb-iente-prove-di-green-economy.jpg 300w\" sizes=\"(max-width: 300px) 100vw, 300px\" \/><\/p>\n<div class=\"titoli_laboratori\">\n<p><strong>PROFESSION ENVIRONNEMENT\u00a0: ESSAIS\u00a0DE <em>GREEN ECONOMY<\/em><\/strong><\/p>\n<\/div>\n<p style=\"text-align: justify;\">R\u00e9duire la consommation de papier, recourir \u00e0 des ressources renouvelables, opter pour les conf\u00e9rences online plut\u00f4t qu&rsquo;\u00e0 des d\u00e9placements.\u00a0Comment se construit une entreprise qui tient compte des exigences <em>green<\/em> ? En prenant comme exemple quelques bonnes pratiques, les \u00e9l\u00e8ves devront esquisser un <em>business plan green<\/em>. A la fin des travaux, nous voterons pour \u00e9lire la meilleure proposition.<\/p>\n<\/div><div class=\"fusion-clearfix\"><\/div><\/div><\/div><div class=\"fusion-layout-column fusion_builder_column fusion-builder-column-3 fusion_builder_column_1_3 1_3 fusion-one-third fusion-column-last\" style=\"--awb-bg-size:cover;width:30.6666%;\"><div class=\"fusion-column-wrapper fusion-flex-column-wrapper-legacy\"><div class=\"fusion-text fusion-text-4\"><p><!--img class=\"img_laboratori alignnone wp-image-3681 size-medium\" src=\"http:\/\/www.acomeambiente.org\/wp-content\/uploads\/sites\/2\/2016\/10\/Lab-3-300x276.jpg\" width=\"300\" height=\"276\" \/--><img decoding=\"async\" class=\"aligncenter size-medium wp-image-4090\" src=\"http:\/\/www.acomeambiente.org\/wp-content\/uploads\/sites\/2\/2016\/10\/Ambiente-360\u00b0-Cannucce-e-computer-300x276.jpg\" alt=\"ambiente-360-cannucce-e-computer\" width=\"300\" height=\"276\" srcset=\"https:\/\/www.acomeambiente.org\/fr\/wp-content\/uploads\/sites\/2\/2016\/10\/Ambiente-360\u00b0-Cannucce-e-computer-200x184.jpg 200w, https:\/\/www.acomeambiente.org\/fr\/wp-content\/uploads\/sites\/2\/2016\/10\/Ambiente-360\u00b0-Cannucce-e-computer.jpg 300w\" sizes=\"(max-width: 300px) 100vw, 300px\" \/><\/p>\n<div class=\"titoli_laboratori\">\n<p><strong>PAILLES ET ORDINATEURS<\/strong><\/p>\n<\/div>\n<p style=\"text-align: justify;\">Un mode original pour approcher le monde de la programmation physique, \u00e9lectronique et m\u00e9canique. Avec l&rsquo;aide de capteurs, de moteurs et de led, nous apprendrons \u00e0 projeter et construire ensemble des personnages et cr\u00e9atures de formes et de couleurs diverses en recyclant des pailles en plastique.<\/p>\n<\/div><div class=\"fusion-clearfix\"><\/div><\/div><\/div><div class=\"fusion-layout-column fusion_builder_column fusion-builder-column-4 fusion_builder_column_1_3 1_3 fusion-one-third fusion-column-first\" style=\"--awb-bg-size:cover;width:30.6666%; margin-right: 4%;\"><div class=\"fusion-column-wrapper fusion-flex-column-wrapper-legacy\"><div class=\"fusion-text fusion-text-5\"><p><!--img class=\"img_laboratori wp-image-3685 size-medium aligncenter\" src=\"http:\/\/www.acomeambiente.org\/wp-content\/uploads\/sites\/2\/2016\/10\/Lab-4-300x276.jpg\" width=\"300\" height=\"276\" \/--><img decoding=\"async\" class=\"wp-image-3685 size-medium aligncenter\" src=\"http:\/\/www.acomeambiente.org\/wp-content\/uploads\/sites\/2\/2016\/10\/Lab-4-300x276.jpg\" width=\"300\" height=\"276\" srcset=\"https:\/\/www.acomeambiente.org\/fr\/wp-content\/uploads\/sites\/2\/2016\/10\/Lab-4-200x184.jpg 200w, https:\/\/www.acomeambiente.org\/fr\/wp-content\/uploads\/sites\/2\/2016\/10\/Lab-4-300x276.jpg 300w, https:\/\/www.acomeambiente.org\/fr\/wp-content\/uploads\/sites\/2\/2016\/10\/Lab-4.jpg 320w\" sizes=\"(max-width: 300px) 100vw, 300px\" \/><\/p>\n<div class=\"titoli_laboratori\">\n<p><strong>MACHINES GRIBOUILLANTES<\/strong><\/p>\n<\/div>\n<p style=\"text-align: justify;\">Gr\u00e2ce \u00e0 une machine super technologique gribouillante, cr\u00e9\u00e9e \u00e0 partir de moteurs et interrupteurs r\u00e9cup\u00e9r\u00e9s de jouets et de d\u00e9bris \u00e9lectroniques abandonn\u00e9s, ou d&rsquo;objets d&rsquo;usage quotidien, nous pourrons dessiner des signes.<\/p>\n<p style=\"text-align: justify;\">En jouant avec des \u00e9l\u00e9ments, en \u00e9changeant les moteurs et en exp\u00e9rimentant des nouveaux mat\u00e9riaux, nous pourrons cr\u00e9er sans cesse de nouveaux mod\u00e8les et instruments de dessin.<\/p>\n<\/div><div class=\"fusion-clearfix\"><\/div><\/div><\/div><div class=\"fusion-layout-column fusion_builder_column fusion-builder-column-5 fusion_builder_column_1_3 1_3 fusion-one-third\" style=\"--awb-bg-size:cover;width:30.6666%; margin-right: 4%;\"><div class=\"fusion-column-wrapper fusion-flex-column-wrapper-legacy\"><div class=\"fusion-text fusion-text-6\"><p><!--img class=\"img_laboratori wp-image-3687 size-medium aligncenter\" src=\"http:\/\/www.acomeambiente.org\/wp-content\/uploads\/sites\/2\/2016\/10\/Lab-6-300x276.jpg\" width=\"300\" height=\"276\" \/--><img decoding=\"async\" class=\"aligncenter size-medium wp-image-4091\" src=\"http:\/\/www.acomeambiente.org\/wp-content\/uploads\/sites\/2\/2016\/10\/Ambiente-360\u00b0-Agenda-2030-300x276.jpg\" alt=\"ambiente-360-agenda-2030\" width=\"300\" height=\"276\" srcset=\"https:\/\/www.acomeambiente.org\/fr\/wp-content\/uploads\/sites\/2\/2016\/10\/Ambiente-360\u00b0-Agenda-2030-200x184.jpg 200w, https:\/\/www.acomeambiente.org\/fr\/wp-content\/uploads\/sites\/2\/2016\/10\/Ambiente-360\u00b0-Agenda-2030.jpg 300w\" sizes=\"(max-width: 300px) 100vw, 300px\" \/><\/p>\n<div class=\"titoli_laboratori\">\n<p><strong>AGENDA 2030<\/strong><\/p>\n<\/div>\n<p style=\"text-align: justify;\">Eliminer la pauvret\u00e9, lutter contre l&rsquo;in\u00e9galit\u00e9 et l&rsquo;injustice, conjurer le spectre des changements climatiques : ce sont les trois objectifs fondamentaux que les leaders de 193 pays du monde ont soulign\u00e9, en d\u00e9finissant 17 objectifs principaux \u00e0 rejoindre d&rsquo;ici 2030. Ces objectifs ont \u00e9t\u00e9 r\u00e9affirm\u00e9s \u00e0 la COP21 de Paris. Un engagement essentiel pour le futur, pour un d\u00e9veloppement durable qui peut changer le sort de chacun de nous et des g\u00e9n\u00e9rations qui viendront.<\/p>\n<\/div><div class=\"fusion-clearfix\"><\/div><\/div><\/div><div class=\"fusion-layout-column fusion_builder_column fusion-builder-column-6 fusion_builder_column_1_3 1_3 fusion-one-third fusion-column-last\" style=\"--awb-bg-size:cover;width:30.6666%;\"><div class=\"fusion-column-wrapper fusion-flex-column-wrapper-legacy\"><div class=\"fusion-text fusion-text-7\"><p><!--img class=\"img_laboratori wp-image-3686 size-medium aligncenter\" src=\"http:\/\/www.acomeambiente.org\/wp-content\/uploads\/sites\/2\/2016\/10\/Lab-5-300x276.jpg\" width=\"300\" height=\"276\" \/--><img decoding=\"async\" class=\"aligncenter size-medium wp-image-4092\" src=\"http:\/\/www.acomeambiente.org\/wp-content\/uploads\/sites\/2\/2016\/10\/Ambiente-360\u00b0-Biodiversit\u00e0-a-360\u00b0-300x276.jpg\" alt=\"ambiente-360-biodiversita-a-360\" width=\"300\" height=\"276\" srcset=\"https:\/\/www.acomeambiente.org\/fr\/wp-content\/uploads\/sites\/2\/2016\/10\/Ambiente-360\u00b0-Biodiversit\u00e0-a-360\u00b0-200x184.jpg 200w, https:\/\/www.acomeambiente.org\/fr\/wp-content\/uploads\/sites\/2\/2016\/10\/Ambiente-360\u00b0-Biodiversit\u00e0-a-360\u00b0.jpg 300w\" sizes=\"(max-width: 300px) 100vw, 300px\" \/><\/p>\n<div class=\"titoli_laboratori\">\n<p><strong>BIODIVERSIT\u00c9 \u00e0 360\u00b0<\/strong><\/p>\n<\/div>\n<p style=\"text-align: justify;\">La biodiversit\u00e9 est une richesse qui doit \u00eatre pr\u00e9serv\u00e9e !<\/p>\n<p style=\"text-align: justify;\">Chaque ann\u00e9e, les donn\u00e9es sur la pr\u00e9servation de l&rsquo;habitat naturel sont toujours plus alarmantes, souvent \u00e0 cause des emballages et des d\u00e9tritus de plastique laiss\u00e9s par l&rsquo;homme, qui mettent en p\u00e9ril un patrimoine environnemental toujours plus pr\u00e9cieux. Avec l&rsquo;aide du ZOOM de Turin, d\u00e9couvrons en plus sur les habitats naturels de notre plan\u00e8te et apprenons tous les trucs pour les prot\u00e9ger.<\/p>\n<p style=\"text-align: justify;\">En collaboration avec\u00a0 <img decoding=\"async\" class=\"alignnone wp-image-3688 \" src=\"\/wp-content\/uploads\/sites\/3\/2016\/10\/Zoom.jpg\" alt=\"zoom\" width=\"62\" height=\"36\" \/><\/p>\n<\/div><div class=\"fusion-clearfix\"><\/div><\/div><\/div><div class=\"fusion-layout-column fusion_builder_column fusion-builder-column-7 fusion_builder_column_1_3 1_3 fusion-one-third fusion-column-first\" style=\"--awb-bg-size:cover;width:30.6666%; margin-right: 4%;\"><div class=\"fusion-column-wrapper fusion-flex-column-wrapper-legacy\"><div class=\"fusion-text fusion-text-8\"><p><!--img class=\"img_laboratori wp-image-3689 size-medium aligncenter\" src=\"http:\/\/www.acomeambiente.org\/wp-content\/uploads\/sites\/2\/2016\/10\/Lab-7-300x276.jpg\" width=\"300\" height=\"276\" \/--><img decoding=\"async\" class=\"aligncenter size-medium wp-image-4093\" src=\"http:\/\/www.acomeambiente.org\/wp-content\/uploads\/sites\/2\/2016\/10\/Ambiente-360\u00b0-Starlab-300x276.jpg\" alt=\"ambiente-360-starlab\" width=\"300\" height=\"276\" srcset=\"https:\/\/www.acomeambiente.org\/fr\/wp-content\/uploads\/sites\/2\/2016\/10\/Ambiente-360\u00b0-Starlab-200x184.jpg 200w, https:\/\/www.acomeambiente.org\/fr\/wp-content\/uploads\/sites\/2\/2016\/10\/Ambiente-360\u00b0-Starlab.jpg 300w\" sizes=\"(max-width: 300px) 100vw, 300px\" \/><\/p>\n<div class=\"titoli_laboratori\">\n<p><strong>STARLAB<\/strong><\/p>\n<\/div>\n<p style=\"text-align: justify;\">Gr\u00e2ce \u00e0 Starlab, un grand Plan\u00e9tarium gonflable, nous pourrons partir en voyage, nez en l&rsquo;air, au milieu des \u00e9toiles, plan\u00e8tes et Constellations. Un regard global sur l&rsquo;environnement qui nous entoure et duquel nous sommes responsables, parce que notre Plan\u00e8te est seulement l&rsquo;une des inombrables qui peuplent notre galaxie.<\/p>\n<\/div><div class=\"fusion-clearfix\"><\/div><\/div><\/div><div class=\"fusion-layout-column fusion_builder_column fusion-builder-column-8 fusion_builder_column_1_3 1_3 fusion-one-third\" style=\"--awb-bg-size:cover;width:30.6666%; margin-right: 4%;\"><div class=\"fusion-column-wrapper fusion-flex-column-wrapper-legacy\"><div class=\"fusion-text fusion-text-9\"><p style=\"text-align: center;\"><!--img class=\"img_laboratori wp-image-3689 size-medium aligncenter\" src=\"http:\/\/www.acomeambiente.org\/wp-content\/uploads\/sites\/2\/2016\/10\/Lab-7-300x276.jpg\" width=\"300\" height=\"276\" \/--><img decoding=\"async\" class=\"alignnone wp-image-5599 size-full\" src=\"https:\/\/www.acomeambiente.org\/fr\/wp-content\/uploads\/sites\/2\/2021\/01\/Ambiente-360-un-pallone-per-lambiente.jpg\" alt=\"\" width=\"300\" height=\"276\" srcset=\"https:\/\/www.acomeambiente.org\/fr\/wp-content\/uploads\/sites\/2\/2021\/01\/Ambiente-360-un-pallone-per-lambiente-200x184.jpg 200w, https:\/\/www.acomeambiente.org\/fr\/wp-content\/uploads\/sites\/2\/2021\/01\/Ambiente-360-un-pallone-per-lambiente.jpg 300w\" sizes=\"(max-width: 300px) 100vw, 300px\" \/><\/p>\n<div class=\"titoli_laboratori\">\n<p><strong>UN BALLON POUR L\u2019ENVIRONNEMENT: TECHNIQUES DE PHOTOGRAPHIE A\u00c9RIENNE<\/strong><\/p>\n<\/div>\n<p style=\"text-align: justify;\">On l\u2019appelle Science Citoyenne, on lit voil\u00e0 ma contribution! Deguisez vous en scientifique et observez d\u2019en haut le Parc Dora. Si la m\u00e9teo nous viendra en aide et gr\u00e2ce \u00e0 un ballon sonde, nous examinerons le Parc Dora, le plus grand parc post-industriel de Turin. Gr\u00e2ce \u00e0 une cam\u00e9ra nous d\u00e9couvrirons les zones potientellement critiques pour les repr\u00e9senter ensuite sur une carte.<\/p>\n<\/div><div class=\"fusion-clearfix\"><\/div><\/div><\/div><div class=\"fusion-layout-column fusion_builder_column fusion-builder-column-9 fusion_builder_column_1_3 1_3 fusion-one-third fusion-column-last\" style=\"--awb-bg-size:cover;width:30.6666%;\"><div class=\"fusion-column-wrapper fusion-flex-column-wrapper-legacy\"><div class=\"fusion-text fusion-text-10\"><p style=\"text-align: center;\"><!--img class=\"img_laboratori wp-image-3689 size-medium aligncenter\" src=\"http:\/\/www.acomeambiente.org\/wp-content\/uploads\/sites\/2\/2016\/10\/Lab-7-300x276.jpg\" width=\"300\" height=\"276\" \/--><img decoding=\"async\" class=\"alignnone wp-image-5600 size-full\" src=\"https:\/\/www.acomeambiente.org\/fr\/wp-content\/uploads\/sites\/2\/2021\/01\/Ambiente-360-cambiamenti-climatici.jpg\" alt=\"\" width=\"300\" height=\"276\" srcset=\"https:\/\/www.acomeambiente.org\/fr\/wp-content\/uploads\/sites\/2\/2021\/01\/Ambiente-360-cambiamenti-climatici-200x184.jpg 200w, https:\/\/www.acomeambiente.org\/fr\/wp-content\/uploads\/sites\/2\/2021\/01\/Ambiente-360-cambiamenti-climatici.jpg 300w\" sizes=\"(max-width: 300px) 100vw, 300px\" \/><\/p>\n<div class=\"titoli_laboratori\">\n<p><strong>CHANGEMENTS CLIMATIQUES: TOUT CE QU\u2019IL FAUT SAVOIR!<\/strong><\/p>\n<\/div>\n<p>Qu\u2019est ce que les changements climatiques, quels sont les institutions scientifiques d\u00e9put\u00e9es, quelles les cons\u00e9quences, les sc\u00e9narios du futur, les mesures d\u2019attenuation et d\u2019adaptation, les lignes directrices adopt\u00e9es par la Regione Piemonte?<\/p>\n<p style=\"text-align: justify;\">Nous le d\u00e9couvrirons ensemble \u00e0 travers l\u2019approche participative qui caract\u00e9rise le Mus\u00e9e depuis sa cr\u00e9ation.<\/p>\n<\/div><div class=\"fusion-clearfix\"><\/div><\/div><\/div><div class=\"fusion-layout-column fusion_builder_column fusion-builder-column-10 fusion_builder_column_1_3 1_3 fusion-one-third fusion-column-first\" style=\"--awb-bg-size:cover;width:30.6666%; margin-right: 4%;\"><div class=\"fusion-column-wrapper fusion-flex-column-wrapper-legacy\"><div class=\"fusion-text fusion-text-11\"><p style=\"text-align: center;\"><!--img class=\"img_laboratori wp-image-3689 size-medium aligncenter\" src=\"http:\/\/www.acomeambiente.org\/wp-content\/uploads\/sites\/2\/2016\/10\/Lab-7-300x276.jpg\" width=\"300\" height=\"276\" \/--><img decoding=\"async\" class=\"alignnone wp-image-5601 size-full\" src=\"https:\/\/www.acomeambiente.org\/fr\/wp-content\/uploads\/sites\/2\/2021\/01\/Ambiente-360-fake-news-e-ambiente.png\" alt=\"\" width=\"300\" height=\"276\" srcset=\"https:\/\/www.acomeambiente.org\/fr\/wp-content\/uploads\/sites\/2\/2021\/01\/Ambiente-360-fake-news-e-ambiente-200x184.png 200w, https:\/\/www.acomeambiente.org\/fr\/wp-content\/uploads\/sites\/2\/2021\/01\/Ambiente-360-fake-news-e-ambiente.png 300w\" sizes=\"(max-width: 300px) 100vw, 300px\" \/><\/p>\n<div class=\"titoli_laboratori\">\n<p><strong>FAKE NEWS ET ENVIRONNEMENT: SURFER LE NET EN TOUTE S\u00c9CURIT\u00c9<\/strong><\/p>\n<\/div>\n<p>Les changements climatiques ne sont qu\u2019une blague, la Terre est plate, on n\u2019est jamais all\u00e9 sur la Lune. Voici quelques fausses nouvelles que nous pouvons rencontrer en surfant sur le web, partag\u00e9es sans aucun esprit critique. Pendant ce laboratoire, nous apprendrons \u00e0 nous d\u00e9fendre de la soit-disant post-v\u00e9rit\u00e9, qui n\u2019est rien d\u2019autre qu\u2019une blague bien camoufl\u00e9e.<\/p>\n<\/div><div class=\"fusion-clearfix\"><\/div><\/div><\/div><div class=\"fusion-layout-column fusion_builder_column fusion-builder-column-11 fusion_builder_column_1_3 1_3 fusion-one-third\" style=\"--awb-bg-size:cover;width:30.6666%; margin-right: 4%;\"><div class=\"fusion-column-wrapper fusion-flex-column-wrapper-legacy\"><div class=\"fusion-text fusion-text-12\"><p style=\"text-align: center;\"><!--img class=\"img_laboratori wp-image-3689 size-medium aligncenter\" src=\"http:\/\/www.acomeambiente.org\/wp-content\/uploads\/sites\/2\/2016\/10\/Lab-7-300x276.jpg\" width=\"300\" height=\"276\" \/--><img decoding=\"async\" class=\"alignnone wp-image-5602 size-full\" src=\"https:\/\/www.acomeambiente.org\/fr\/wp-content\/uploads\/sites\/2\/2021\/01\/1a3589b0-8ac8-11ea-b7e3-c31354ce0876.jpg\" alt=\"\" width=\"300\" height=\"275\" srcset=\"https:\/\/www.acomeambiente.org\/fr\/wp-content\/uploads\/sites\/2\/2021\/01\/1a3589b0-8ac8-11ea-b7e3-c31354ce0876-200x183.jpg 200w, https:\/\/www.acomeambiente.org\/fr\/wp-content\/uploads\/sites\/2\/2021\/01\/1a3589b0-8ac8-11ea-b7e3-c31354ce0876.jpg 300w\" sizes=\"(max-width: 300px) 100vw, 300px\" \/><\/p>\n<div class=\"titoli_laboratori\">\n<p><strong>QUEL AIR SOUFFLE?<\/strong><\/p>\n<\/div>\n<p>L\u2019Italie se place en t\u00eate du classement des d\u00e9c\u00e8s d\u00fbs \u00e0 la pollution. Il est n\u00e9cessaire d\u2019inverser cette tendance dramatique, tout d\u2019abord en cherchant \u00e0 comprendre qu\u2019est ce que la pollution. Nous analyserons les pricipaux polluants dans l\u2019air et chercherons \u00e0 identifier les sources d\u2019\u00e9mission en examinant leur r\u00e9percussion sur notre sant\u00e9 et sur l\u2019environnement. Nous d\u00e9couvrirons aussi ce que chacun d\u2019entre nous peut faire et quelles politiques adopter pour respirer et vivre mieux.<\/p>\n<\/div><div class=\"fusion-clearfix\"><\/div><\/div><\/div><\/div><\/div>\n","protected":false},"excerpt":{"rendered":"","protected":false},"author":1025,"featured_media":0,"parent":1954,"menu_order":10,"comment_status":"closed","ping_status":"closed","template":"","meta":{"footnotes":""},"class_list":["post-3676","page","type-page","status-publish","hentry"],"yoast_head":"<!-- This site is optimized with the Yoast SEO plugin v26.9 - https:\/\/yoast.com\/product\/yoast-seo-wordpress\/ -->\n<title>Environnement 360\u00b0 - Fr - MAcA - Museo A come Ambiente<\/title>\n<meta name=\"robots\" content=\"index, follow, max-snippet:-1, max-image-preview:large, max-video-preview:-1\" \/>\n<link rel=\"canonical\" href=\"https:\/\/www.acomeambiente.org\/fr\/visite\/ecoles\/environnement-360\/\" \/>\n<meta property=\"og:locale\" content=\"fr_FR\" \/>\n<meta property=\"og:type\" content=\"article\" \/>\n<meta property=\"og:title\" content=\"Environnement 360\u00b0 - Fr - MAcA - Museo A come Ambiente\" \/>\n<meta property=\"og:url\" content=\"https:\/\/www.acomeambiente.org\/fr\/visite\/ecoles\/environnement-360\/\" \/>\n<meta property=\"og:site_name\" content=\"Fr - MAcA - Museo A come Ambiente\" \/>\n<meta property=\"article:modified_time\" content=\"2021-01-27T09:06:52+00:00\" \/>\n<meta property=\"og:image\" content=\"https:\/\/www.acomeambiente.org\/fr\/wp-content\/uploads\/sites\/2\/2016\/10\/Laboratori.jpg\" \/>\n<meta name=\"twitter:card\" content=\"summary_large_image\" \/>\n<meta name=\"twitter:label1\" content=\"Dur\u00e9e de lecture estim\u00e9e\" \/>\n\t<meta name=\"twitter:data1\" content=\"12 minutes\" \/>\n<script type=\"application\/ld+json\" class=\"yoast-schema-graph\">{\"@context\":\"https:\/\/schema.org\",\"@graph\":[{\"@type\":\"WebPage\",\"@id\":\"https:\/\/www.acomeambiente.org\/fr\/visite\/ecoles\/environnement-360\/\",\"url\":\"https:\/\/www.acomeambiente.org\/fr\/visite\/ecoles\/environnement-360\/\",\"name\":\"Environnement 360\u00b0 - Fr - MAcA - Museo A come Ambiente\",\"isPartOf\":{\"@id\":\"https:\/\/www.acomeambiente.org\/fr\/#website\"},\"primaryImageOfPage\":{\"@id\":\"https:\/\/www.acomeambiente.org\/fr\/visite\/ecoles\/environnement-360\/#primaryimage\"},\"image\":{\"@id\":\"https:\/\/www.acomeambiente.org\/fr\/visite\/ecoles\/environnement-360\/#primaryimage\"},\"thumbnailUrl\":\"https:\/\/www.acomeambiente.org\/fr\/wp-content\/uploads\/sites\/2\/2016\/10\/Laboratori.jpg\",\"datePublished\":\"2016-10-03T08:40:46+00:00\",\"dateModified\":\"2021-01-27T09:06:52+00:00\",\"breadcrumb\":{\"@id\":\"https:\/\/www.acomeambiente.org\/fr\/visite\/ecoles\/environnement-360\/#breadcrumb\"},\"inLanguage\":\"fr-FR\",\"potentialAction\":[{\"@type\":\"ReadAction\",\"target\":[\"https:\/\/www.acomeambiente.org\/fr\/visite\/ecoles\/environnement-360\/\"]}]},{\"@type\":\"ImageObject\",\"inLanguage\":\"fr-FR\",\"@id\":\"https:\/\/www.acomeambiente.org\/fr\/visite\/ecoles\/environnement-360\/#primaryimage\",\"url\":\"https:\/\/www.acomeambiente.org\/fr\/wp-content\/uploads\/sites\/2\/2016\/10\/Laboratori.jpg\",\"contentUrl\":\"https:\/\/www.acomeambiente.org\/fr\/wp-content\/uploads\/sites\/2\/2016\/10\/Laboratori.jpg\",\"width\":900,\"height\":330},{\"@type\":\"BreadcrumbList\",\"@id\":\"https:\/\/www.acomeambiente.org\/fr\/visite\/ecoles\/environnement-360\/#breadcrumb\",\"itemListElement\":[{\"@type\":\"ListItem\",\"position\":1,\"name\":\"Home\",\"item\":\"https:\/\/www.acomeambiente.org\/fr\/\"},{\"@type\":\"ListItem\",\"position\":2,\"name\":\"Visite\",\"item\":\"https:\/\/www.acomeambiente.org\/fr\/visite\/\"},{\"@type\":\"ListItem\",\"position\":3,\"name\":\"\u00c9coles\",\"item\":\"https:\/\/www.acomeambiente.org\/fr\/visite\/ecoles\/\"},{\"@type\":\"ListItem\",\"position\":4,\"name\":\"Environnement 360\u00b0\"}]},{\"@type\":\"WebSite\",\"@id\":\"https:\/\/www.acomeambiente.org\/fr\/#website\",\"url\":\"https:\/\/www.acomeambiente.org\/fr\/\",\"name\":\"Fr - MAcA - Museo A come Ambiente\",\"description\":\"Passa al MAcA, costruiamo insieme un mondo pi\u00f9 sostenibile\",\"potentialAction\":[{\"@type\":\"SearchAction\",\"target\":{\"@type\":\"EntryPoint\",\"urlTemplate\":\"https:\/\/www.acomeambiente.org\/fr\/?s={search_term_string}\"},\"query-input\":{\"@type\":\"PropertyValueSpecification\",\"valueRequired\":true,\"valueName\":\"search_term_string\"}}],\"inLanguage\":\"fr-FR\"}]}<\/script>\n<!-- \/ Yoast SEO plugin. -->","yoast_head_json":{"title":"Environnement 360\u00b0 - Fr - MAcA - Museo A come Ambiente","robots":{"index":"index","follow":"follow","max-snippet":"max-snippet:-1","max-image-preview":"max-image-preview:large","max-video-preview":"max-video-preview:-1"},"canonical":"https:\/\/www.acomeambiente.org\/fr\/visite\/ecoles\/environnement-360\/","og_locale":"fr_FR","og_type":"article","og_title":"Environnement 360\u00b0 - Fr - MAcA - Museo A come Ambiente","og_url":"https:\/\/www.acomeambiente.org\/fr\/visite\/ecoles\/environnement-360\/","og_site_name":"Fr - MAcA - Museo A come Ambiente","article_modified_time":"2021-01-27T09:06:52+00:00","og_image":[{"url":"https:\/\/www.acomeambiente.org\/fr\/wp-content\/uploads\/sites\/2\/2016\/10\/Laboratori.jpg","type":"","width":"","height":""}],"twitter_card":"summary_large_image","twitter_misc":{"Dur\u00e9e de lecture estim\u00e9e":"12 minutes"},"schema":{"@context":"https:\/\/schema.org","@graph":[{"@type":"WebPage","@id":"https:\/\/www.acomeambiente.org\/fr\/visite\/ecoles\/environnement-360\/","url":"https:\/\/www.acomeambiente.org\/fr\/visite\/ecoles\/environnement-360\/","name":"Environnement 360\u00b0 - Fr - MAcA - Museo A come Ambiente","isPartOf":{"@id":"https:\/\/www.acomeambiente.org\/fr\/#website"},"primaryImageOfPage":{"@id":"https:\/\/www.acomeambiente.org\/fr\/visite\/ecoles\/environnement-360\/#primaryimage"},"image":{"@id":"https:\/\/www.acomeambiente.org\/fr\/visite\/ecoles\/environnement-360\/#primaryimage"},"thumbnailUrl":"https:\/\/www.acomeambiente.org\/fr\/wp-content\/uploads\/sites\/2\/2016\/10\/Laboratori.jpg","datePublished":"2016-10-03T08:40:46+00:00","dateModified":"2021-01-27T09:06:52+00:00","breadcrumb":{"@id":"https:\/\/www.acomeambiente.org\/fr\/visite\/ecoles\/environnement-360\/#breadcrumb"},"inLanguage":"fr-FR","potentialAction":[{"@type":"ReadAction","target":["https:\/\/www.acomeambiente.org\/fr\/visite\/ecoles\/environnement-360\/"]}]},{"@type":"ImageObject","inLanguage":"fr-FR","@id":"https:\/\/www.acomeambiente.org\/fr\/visite\/ecoles\/environnement-360\/#primaryimage","url":"https:\/\/www.acomeambiente.org\/fr\/wp-content\/uploads\/sites\/2\/2016\/10\/Laboratori.jpg","contentUrl":"https:\/\/www.acomeambiente.org\/fr\/wp-content\/uploads\/sites\/2\/2016\/10\/Laboratori.jpg","width":900,"height":330},{"@type":"BreadcrumbList","@id":"https:\/\/www.acomeambiente.org\/fr\/visite\/ecoles\/environnement-360\/#breadcrumb","itemListElement":[{"@type":"ListItem","position":1,"name":"Home","item":"https:\/\/www.acomeambiente.org\/fr\/"},{"@type":"ListItem","position":2,"name":"Visite","item":"https:\/\/www.acomeambiente.org\/fr\/visite\/"},{"@type":"ListItem","position":3,"name":"\u00c9coles","item":"https:\/\/www.acomeambiente.org\/fr\/visite\/ecoles\/"},{"@type":"ListItem","position":4,"name":"Environnement 360\u00b0"}]},{"@type":"WebSite","@id":"https:\/\/www.acomeambiente.org\/fr\/#website","url":"https:\/\/www.acomeambiente.org\/fr\/","name":"Fr - MAcA - Museo A come Ambiente","description":"Passa al MAcA, costruiamo insieme un mondo pi\u00f9 sostenibile","potentialAction":[{"@type":"SearchAction","target":{"@type":"EntryPoint","urlTemplate":"https:\/\/www.acomeambiente.org\/fr\/?s={search_term_string}"},"query-input":{"@type":"PropertyValueSpecification","valueRequired":true,"valueName":"search_term_string"}}],"inLanguage":"fr-FR"}]}},"_links":{"self":[{"href":"https:\/\/www.acomeambiente.org\/fr\/wp-json\/wp\/v2\/pages\/3676","targetHints":{"allow":["GET"]}}],"collection":[{"href":"https:\/\/www.acomeambiente.org\/fr\/wp-json\/wp\/v2\/pages"}],"about":[{"href":"https:\/\/www.acomeambiente.org\/fr\/wp-json\/wp\/v2\/types\/page"}],"author":[{"embeddable":true,"href":"https:\/\/www.acomeambiente.org\/fr\/wp-json\/wp\/v2\/users\/1025"}],"replies":[{"embeddable":true,"href":"https:\/\/www.acomeambiente.org\/fr\/wp-json\/wp\/v2\/comments?post=3676"}],"version-history":[{"count":14,"href":"https:\/\/www.acomeambiente.org\/fr\/wp-json\/wp\/v2\/pages\/3676\/revisions"}],"predecessor-version":[{"id":5625,"href":"https:\/\/www.acomeambiente.org\/fr\/wp-json\/wp\/v2\/pages\/3676\/revisions\/5625"}],"up":[{"embeddable":true,"href":"https:\/\/www.acomeambiente.org\/fr\/wp-json\/wp\/v2\/pages\/1954"}],"wp:attachment":[{"href":"https:\/\/www.acomeambiente.org\/fr\/wp-json\/wp\/v2\/media?parent=3676"}],"curies":[{"name":"wp","href":"https:\/\/api.w.org\/{rel}","templated":true}]}}