{"id":163,"date":"2015-03-19T11:45:06","date_gmt":"2015-03-19T11:45:06","guid":{"rendered":"http:\/\/test.acomeambiente.org\/?page_id=163"},"modified":"2017-06-25T17:48:43","modified_gmt":"2017-06-25T17:48:43","slug":"developpement-professionnel","status":"publish","type":"page","link":"https:\/\/www.acomeambiente.org\/fr\/formation\/developpement-professionnel\/","title":{"rendered":"D\u00e9veloppement professionnel"},"content":{"rendered":"<p><img decoding=\"async\" class=\"alignnone wp-image-243 size-full\" src=\"\/wp-content\/uploads\/sites\/2\/2015\/03\/AcomeA_164.jpg\" alt=\"A come Ambiente\" width=\"900\" height=\"330\" srcset=\"https:\/\/www.acomeambiente.org\/fr\/wp-content\/uploads\/sites\/2\/2015\/03\/AcomeA_164-300x110.jpg 300w, https:\/\/www.acomeambiente.org\/fr\/wp-content\/uploads\/sites\/2\/2015\/03\/AcomeA_164-600x220.jpg 600w, https:\/\/www.acomeambiente.org\/fr\/wp-content\/uploads\/sites\/2\/2015\/03\/AcomeA_164.jpg 900w\" sizes=\"(max-width: 900px) 100vw, 900px\" \/><\/p>\n<h1><b>D\u00e9veloppement professionnel<\/b><\/h1>\n<p>Pour faciliter toujours plus l\u2019int\u00e9gration\u00a0des th\u00e9matiques environnementales dans les parcours scolaires, nous proposons des programmes de d\u00e9veloppement professionnel aux enseignants et \u00e9ducateurs \u00e0 l\u2019environnement.<\/p>\n<p>Dans un monde en mutation perp\u00e9tuelle, l\u2019objectif est de fournir des instruments efficaces et \u00e0 jour sur les sujets li\u00e9s \u00e0 l\u2019environnement.<\/p>\n<p>Le MAcA offre des occasions de rencontres autour de th\u00e8mes cl\u00e9s tels que l\u2019Eau, les D\u00e9chets, l\u2019Energie, les Transports et l\u2019Alimentation, en encourageant les \u00e9tudiants \u00e0 participer activement en posant des questions. C\u2019est notre point de d\u00e9part pour tester, modifier et \u00e9tendre le bagage de connaissances de chacun qui, en dialoguant, nous aide \u00e0 mieux nous repr\u00e9senter le monde et la fa\u00e7on dont il fonctionne.<\/p>\n","protected":false},"excerpt":{"rendered":"<p>D\u00e9veloppement professionnel Pour faciliter toujours plus l\u2019int\u00e9gration\u00a0des th\u00e9matiques environnementales dans les parcours scolaires, nous proposons des programmes de d\u00e9veloppement professionnel aux enseignants et \u00e9ducateurs \u00e0 l\u2019environnement. Dans un monde en  [&#8230;]<\/p>\n","protected":false},"author":1025,"featured_media":0,"parent":438,"menu_order":1,"comment_status":"closed","ping_status":"closed","template":"","meta":{"footnotes":""},"class_list":["post-163","page","type-page","status-publish","hentry"],"yoast_head":"<!-- This site is optimized with the Yoast SEO plugin v26.9 - https:\/\/yoast.com\/product\/yoast-seo-wordpress\/ -->\n<title>D\u00e9veloppement professionnel - Fr - MAcA - Museo A come Ambiente<\/title>\n<meta name=\"robots\" content=\"index, follow, max-snippet:-1, max-image-preview:large, max-video-preview:-1\" \/>\n<link rel=\"canonical\" href=\"https:\/\/www.acomeambiente.org\/fr\/formation\/developpement-professionnel\/\" \/>\n<meta property=\"og:locale\" content=\"fr_FR\" \/>\n<meta property=\"og:type\" content=\"article\" \/>\n<meta property=\"og:title\" content=\"D\u00e9veloppement professionnel - Fr - MAcA - Museo A come Ambiente\" \/>\n<meta property=\"og:description\" content=\"D\u00e9veloppement professionnel Pour faciliter toujours plus l\u2019int\u00e9gration\u00a0des th\u00e9matiques environnementales dans les parcours scolaires, nous proposons des programmes de d\u00e9veloppement professionnel aux enseignants et \u00e9ducateurs \u00e0 l\u2019environnement. Dans un monde en [...]\" \/>\n<meta property=\"og:url\" content=\"https:\/\/www.acomeambiente.org\/fr\/formation\/developpement-professionnel\/\" \/>\n<meta property=\"og:site_name\" content=\"Fr - MAcA - Museo A come Ambiente\" \/>\n<meta property=\"article:modified_time\" content=\"2017-06-25T17:48:43+00:00\" \/>\n<meta property=\"og:image\" content=\"https:\/\/www.acomeambiente.org\/wp-content\/uploads\/sites\/2\/2015\/03\/AcomeA_164.jpg\" \/>\n<meta name=\"twitter:card\" content=\"summary_large_image\" \/>\n<meta name=\"twitter:label1\" content=\"Dur\u00e9e de lecture estim\u00e9e\" \/>\n\t<meta name=\"twitter:data1\" content=\"1 minute\" \/>\n<script type=\"application\/ld+json\" class=\"yoast-schema-graph\">{\"@context\":\"https:\/\/schema.org\",\"@graph\":[{\"@type\":\"WebPage\",\"@id\":\"https:\/\/www.acomeambiente.org\/fr\/formation\/developpement-professionnel\/\",\"url\":\"https:\/\/www.acomeambiente.org\/fr\/formation\/developpement-professionnel\/\",\"name\":\"D\u00e9veloppement professionnel - Fr - MAcA - Museo A come Ambiente\",\"isPartOf\":{\"@id\":\"https:\/\/www.acomeambiente.org\/fr\/#website\"},\"datePublished\":\"2015-03-19T11:45:06+00:00\",\"dateModified\":\"2017-06-25T17:48:43+00:00\",\"breadcrumb\":{\"@id\":\"https:\/\/www.acomeambiente.org\/fr\/formation\/developpement-professionnel\/#breadcrumb\"},\"inLanguage\":\"fr-FR\",\"potentialAction\":[{\"@type\":\"ReadAction\",\"target\":[\"https:\/\/www.acomeambiente.org\/fr\/formation\/developpement-professionnel\/\"]}]},{\"@type\":\"BreadcrumbList\",\"@id\":\"https:\/\/www.acomeambiente.org\/fr\/formation\/developpement-professionnel\/#breadcrumb\",\"itemListElement\":[{\"@type\":\"ListItem\",\"position\":1,\"name\":\"Home\",\"item\":\"https:\/\/www.acomeambiente.org\/fr\/\"},{\"@type\":\"ListItem\",\"position\":2,\"name\":\"Formation\",\"item\":\"https:\/\/www.acomeambiente.org\/fr\/formation\/\"},{\"@type\":\"ListItem\",\"position\":3,\"name\":\"D\u00e9veloppement professionnel\"}]},{\"@type\":\"WebSite\",\"@id\":\"https:\/\/www.acomeambiente.org\/fr\/#website\",\"url\":\"https:\/\/www.acomeambiente.org\/fr\/\",\"name\":\"Fr - MAcA - Museo A come Ambiente\",\"description\":\"Passa al MAcA, costruiamo insieme un mondo pi\u00f9 sostenibile\",\"potentialAction\":[{\"@type\":\"SearchAction\",\"target\":{\"@type\":\"EntryPoint\",\"urlTemplate\":\"https:\/\/www.acomeambiente.org\/fr\/?s={search_term_string}\"},\"query-input\":{\"@type\":\"PropertyValueSpecification\",\"valueRequired\":true,\"valueName\":\"search_term_string\"}}],\"inLanguage\":\"fr-FR\"}]}<\/script>\n<!-- \/ Yoast SEO plugin. -->","yoast_head_json":{"title":"D\u00e9veloppement professionnel - Fr - MAcA - Museo A come Ambiente","robots":{"index":"index","follow":"follow","max-snippet":"max-snippet:-1","max-image-preview":"max-image-preview:large","max-video-preview":"max-video-preview:-1"},"canonical":"https:\/\/www.acomeambiente.org\/fr\/formation\/developpement-professionnel\/","og_locale":"fr_FR","og_type":"article","og_title":"D\u00e9veloppement professionnel - Fr - MAcA - Museo A come Ambiente","og_description":"D\u00e9veloppement professionnel Pour faciliter toujours plus l\u2019int\u00e9gration\u00a0des th\u00e9matiques environnementales dans les parcours scolaires, nous proposons des programmes de d\u00e9veloppement professionnel aux enseignants et \u00e9ducateurs \u00e0 l\u2019environnement. Dans un monde en [...]","og_url":"https:\/\/www.acomeambiente.org\/fr\/formation\/developpement-professionnel\/","og_site_name":"Fr - MAcA - Museo A come Ambiente","article_modified_time":"2017-06-25T17:48:43+00:00","og_image":[{"url":"https:\/\/www.acomeambiente.org\/wp-content\/uploads\/sites\/2\/2015\/03\/AcomeA_164.jpg","type":"","width":"","height":""}],"twitter_card":"summary_large_image","twitter_misc":{"Dur\u00e9e de lecture estim\u00e9e":"1 minute"},"schema":{"@context":"https:\/\/schema.org","@graph":[{"@type":"WebPage","@id":"https:\/\/www.acomeambiente.org\/fr\/formation\/developpement-professionnel\/","url":"https:\/\/www.acomeambiente.org\/fr\/formation\/developpement-professionnel\/","name":"D\u00e9veloppement professionnel - Fr - MAcA - Museo A come Ambiente","isPartOf":{"@id":"https:\/\/www.acomeambiente.org\/fr\/#website"},"datePublished":"2015-03-19T11:45:06+00:00","dateModified":"2017-06-25T17:48:43+00:00","breadcrumb":{"@id":"https:\/\/www.acomeambiente.org\/fr\/formation\/developpement-professionnel\/#breadcrumb"},"inLanguage":"fr-FR","potentialAction":[{"@type":"ReadAction","target":["https:\/\/www.acomeambiente.org\/fr\/formation\/developpement-professionnel\/"]}]},{"@type":"BreadcrumbList","@id":"https:\/\/www.acomeambiente.org\/fr\/formation\/developpement-professionnel\/#breadcrumb","itemListElement":[{"@type":"ListItem","position":1,"name":"Home","item":"https:\/\/www.acomeambiente.org\/fr\/"},{"@type":"ListItem","position":2,"name":"Formation","item":"https:\/\/www.acomeambiente.org\/fr\/formation\/"},{"@type":"ListItem","position":3,"name":"D\u00e9veloppement professionnel"}]},{"@type":"WebSite","@id":"https:\/\/www.acomeambiente.org\/fr\/#website","url":"https:\/\/www.acomeambiente.org\/fr\/","name":"Fr - MAcA - Museo A come Ambiente","description":"Passa al MAcA, costruiamo insieme un mondo pi\u00f9 sostenibile","potentialAction":[{"@type":"SearchAction","target":{"@type":"EntryPoint","urlTemplate":"https:\/\/www.acomeambiente.org\/fr\/?s={search_term_string}"},"query-input":{"@type":"PropertyValueSpecification","valueRequired":true,"valueName":"search_term_string"}}],"inLanguage":"fr-FR"}]}},"_links":{"self":[{"href":"https:\/\/www.acomeambiente.org\/fr\/wp-json\/wp\/v2\/pages\/163","targetHints":{"allow":["GET"]}}],"collection":[{"href":"https:\/\/www.acomeambiente.org\/fr\/wp-json\/wp\/v2\/pages"}],"about":[{"href":"https:\/\/www.acomeambiente.org\/fr\/wp-json\/wp\/v2\/types\/page"}],"author":[{"embeddable":true,"href":"https:\/\/www.acomeambiente.org\/fr\/wp-json\/wp\/v2\/users\/1025"}],"replies":[{"embeddable":true,"href":"https:\/\/www.acomeambiente.org\/fr\/wp-json\/wp\/v2\/comments?post=163"}],"version-history":[{"count":13,"href":"https:\/\/www.acomeambiente.org\/fr\/wp-json\/wp\/v2\/pages\/163\/revisions"}],"predecessor-version":[{"id":5246,"href":"https:\/\/www.acomeambiente.org\/fr\/wp-json\/wp\/v2\/pages\/163\/revisions\/5246"}],"up":[{"embeddable":true,"href":"https:\/\/www.acomeambiente.org\/fr\/wp-json\/wp\/v2\/pages\/438"}],"wp:attachment":[{"href":"https:\/\/www.acomeambiente.org\/fr\/wp-json\/wp\/v2\/media?parent=163"}],"curies":[{"name":"wp","href":"https:\/\/api.w.org\/{rel}","templated":true}]}}