{"id":1589,"date":"2015-07-10T10:39:08","date_gmt":"2015-07-10T10:39:08","guid":{"rendered":"http:\/\/www.acomeambiente.org\/fr\/?page_id=1589"},"modified":"2017-06-25T14:39:11","modified_gmt":"2017-06-25T14:39:11","slug":"news","status":"publish","type":"page","link":"https:\/\/www.acomeambiente.org\/fr\/esplora\/news\/","title":{"rendered":"News"},"content":{"rendered":"<div class=\"fusion-fullwidth fullwidth-box fusion-builder-row-1 hundred-percent-fullwidth non-hundred-percent-height-scrolling\" style=\"--awb-border-radius-top-left:0px;--awb-border-radius-top-right:0px;--awb-border-radius-bottom-right:0px;--awb-border-radius-bottom-left:0px;--awb-overflow:visible;--awb-flex-wrap:wrap;\" ><div class=\"fusion-builder-row fusion-row\"><div class=\"fusion-layout-column fusion_builder_column fusion-builder-column-0 fusion_builder_column_1_1 1_1 fusion-one-full fusion-column-first fusion-column-last fusion-column-no-min-height\" style=\"--awb-bg-size:cover;--awb-margin-bottom:0px;\"><div class=\"fusion-column-wrapper fusion-flex-column-wrapper-legacy\"><div class=\"fusion-text fusion-text-1\"><p><img decoding=\"async\" class=\"alignnone wp-image-245 size-full\" src=\"\/wp-content\/uploads\/sites\/2\/2015\/03\/AcomeA_204.jpg\" alt=\"News\" width=\"900\" height=\"330\" srcset=\"https:\/\/www.acomeambiente.org\/fr\/wp-content\/uploads\/sites\/2\/2015\/03\/AcomeA_204-300x110.jpg 300w, https:\/\/www.acomeambiente.org\/fr\/wp-content\/uploads\/sites\/2\/2015\/03\/AcomeA_204-600x220.jpg 600w, https:\/\/www.acomeambiente.org\/fr\/wp-content\/uploads\/sites\/2\/2015\/03\/AcomeA_204.jpg 900w\" sizes=\"(max-width: 900px) 100vw, 900px\" \/><\/p>\n<h1 class=\"entry-title\">News<\/h1>\n<div class=\"fusion-layout-column fusion_builder_column fusion_builder_column_1_1 fusion-one-full fusion-column-first fusion-column-last fusion-column-no-min-height 1_1\">\n<div class=\"fusion-column-wrapper\">\n<p>Le MAcA est un mus\u00e9e vivant et ouvert, un <em>Mus\u00e9e-Laboratoire.<\/em> Le monde entre dans le mus\u00e9e. Nous voulons \u00eatre un mus\u00e9e public pour le public.<\/p>\n<p>A travers des articles de fond, nous ouvrons la\u00a0porte \u00e0 diverses questions d\u2019actualit\u00e9, li\u00e9es \u00e0 l\u2019environnement et \u00e0 un monde durable, en offrant des occasions de dialogues \u00e0 tous ceux qui le d\u00e9sirent.<\/p>\n<div class=\"fusion-clearfix\"><\/div>\n<\/div>\n<\/div>\n<div class=\"fusion-layout-column fusion_builder_column fusion_builder_column_1_1 fusion-one-full fusion-column-first fusion-column-last fusion-column-no-min-height 1_1\">\n<div class=\"fusion-column-wrapper\">\n<div class=\"fusion-blog-shortcode fusion-blog-shortcode-1 fusion-blog-archive fusion-blog-layout-medium fusion-blog-pagination\">\n<div class=\"fusion-posts-container fusion-posts-container-pagination\">\n<article id=\"post-4705\" class=\"fusion-post-medium post-4705 post type-post status-publish format-standard hentry category-news\">\n<div class=\"fusion-post-content post-content\">\n<h2 class=\"blog-shortcode-post-title entry-title\"><a href=\"\/blog\/2017\/06\/13\/perpetua-edition-speciale-maca-est-arrivee\/\">PERPETUA \u2013 \u00c9dition sp\u00e9ciale \u2013 MAcA \u2013 est arriv\u00e9e !<\/a><\/h2>\n<div class=\"fusion-post-content-container\">\n<p>Tu veux soutenir les activit\u00e9s du Mus\u00e9e? Offre un crayon Perpetua! Le Mus\u00e9e A come Ambiente (E comme Environnement) \u2013 MAcA, de Turin, est le premier mus\u00e9e d&rsquo;Europe enti\u00e8rement d\u00e9di\u00e9 aux th\u00e8mes environnementaux.<\/p>\n<\/div>\n<\/div>\n<\/article>\n<\/div>\n<\/div>\n<\/div>\n<\/div>\n<\/div><div class=\"fusion-clearfix\"><\/div><\/div><\/div><div class=\"fusion-layout-column fusion_builder_column fusion-builder-column-1 fusion_builder_column_1_1 1_1 fusion-one-full fusion-column-first fusion-column-last fusion-column-no-min-height\" style=\"--awb-bg-size:cover;--awb-margin-bottom:0px;\"><div class=\"fusion-column-wrapper fusion-flex-column-wrapper-legacy\"><div class=\"fusion-blog-shortcode fusion-blog-shortcode-1 fusion-blog-archive fusion-blog-layout-medium fusion-blog-pagination\"><div class=\"fusion-posts-container fusion-posts-container-pagination fusion-blog-rollover\" data-pages=\"27\"><article id=\"blog-1-post-5403\" class=\"fusion-post-medium post-5403 post type-post status-publish format-standard hentry category-senza-categoria\">\n\t<style type=\"text\/css\">\n\t\t\n\t\t\n\t\t\n\t\t\n\t\t\t<\/style>\n\n\n<div class=\"fusion-post-content post-content\"><h2 class=\"blog-shortcode-post-title entry-title\"><a href=\"https:\/\/www.acomeambiente.org\/fr\/blog\/2018\/01\/13\/laboratoire-energiw-ainsi-soit-il\/\">Laboratoire \u201cEnergie, ainsi soit-il!\u201d<\/a><\/h2><div class=\"fusion-post-content-container\"><p>14 e 28 gennaio 2018, Torino <\/p><\/div><\/div><div class=\"fusion-clearfix\"><\/div><div class=\"fusion-meta-info\"><div class=\"fusion-alignleft\"><span class=\"vcard\" style=\"display: none;\"><span class=\"fn\"><a href=\"https:\/\/www.acomeambiente.org\/fr\/blog\/author\/alberto-pinto\/\" title=\"Articles par Alberto Pinto\" rel=\"author\">Alberto Pinto<\/a><\/span><\/span><span class=\"updated\" style=\"display:none;\">2018-01-13T17:18:03+00:00<\/span><span>13 janvier 2018<\/span><span class=\"fusion-inline-sep\">|<\/span><\/div><div class=\"fusion-alignright\"><a class=\"fusion-read-more\" href=\"https:\/\/www.acomeambiente.org\/fr\/blog\/2018\/01\/13\/laboratoire-energiw-ainsi-soit-il\/\" aria-label=\"More on Laboratoire \u201cEnergie, ainsi soit-il!\u201d\">Lire Plus<\/a><\/div><\/div><\/article>\n<article id=\"blog-1-post-4988\" class=\"fusion-post-medium post-4988 post type-post status-publish format-standard hentry category-senza-categoria\">\n\t<style type=\"text\/css\">\n\t\t\n\t\t\n\t\t\n\t\t\n\t\t\t<\/style>\n\n\n<div class=\"fusion-post-content post-content\"><h2 class=\"blog-shortcode-post-title entry-title\"><a href=\"https:\/\/www.acomeambiente.org\/fr\/blog\/2017\/06\/19\/famelab-2017-au-maca-les-selections-de-turin\/\">FameLab 2017 \u2013 les s\u00e9lections de Turin au MAcA<\/a><\/h2><div class=\"fusion-post-content-container\"><p>FameLab 2017 \u2013 les s\u00e9lections de Turin\u00a0au MAcA FAMELAB est le talent show international de\u00a0la science, d\u00e9di\u00e9 aux \u00e9tudiants et [...]<\/p><\/div><\/div><div class=\"fusion-clearfix\"><\/div><div class=\"fusion-meta-info\"><div class=\"fusion-alignleft\"><span class=\"vcard\" style=\"display: none;\"><span class=\"fn\"><a href=\"https:\/\/www.acomeambiente.org\/fr\/blog\/author\/alberto-pinto\/\" title=\"Articles par Alberto Pinto\" rel=\"author\">Alberto Pinto<\/a><\/span><\/span><span class=\"updated\" style=\"display:none;\">2017-06-25T14:48:26+00:00<\/span><span>19 juin 2017<\/span><span class=\"fusion-inline-sep\">|<\/span><\/div><div class=\"fusion-alignright\"><a class=\"fusion-read-more\" href=\"https:\/\/www.acomeambiente.org\/fr\/blog\/2017\/06\/19\/famelab-2017-au-maca-les-selections-de-turin\/\" aria-label=\"More on FameLab 2017 \u2013 les s\u00e9lections de Turin au MAcA\">Lire Plus<\/a><\/div><\/div><\/article>\n<article id=\"blog-1-post-4769\" class=\"fusion-post-medium post-4769 post type-post status-publish format-standard hentry category-evenements\">\n\t<style type=\"text\/css\">\n\t\t\n\t\t\n\t\t\n\t\t\n\t\t\t<\/style>\n\n\n<div class=\"fusion-post-content post-content\"><h2 class=\"blog-shortcode-post-title entry-title\"><a href=\"https:\/\/www.acomeambiente.org\/fr\/blog\/2017\/06\/14\/l-ecole-est-finie-reste-calme-et-passe-au-maca-2\/\">L&rsquo;\u00c9cole est finie ? Reste calme et passe au MAcA !<\/a><\/h2><div class=\"fusion-post-content-container\"><p>Dal 13 giugno al 20 luglio 2017, Torino <\/p><\/div><\/div><div class=\"fusion-clearfix\"><\/div><div class=\"fusion-meta-info\"><div class=\"fusion-alignleft\"><span class=\"vcard\" style=\"display: none;\"><span class=\"fn\"><a href=\"https:\/\/www.acomeambiente.org\/fr\/blog\/author\/alberto-pinto\/\" title=\"Articles par Alberto Pinto\" rel=\"author\">Alberto Pinto<\/a><\/span><\/span><span class=\"updated\" style=\"display:none;\">2017-06-21T08:37:51+00:00<\/span><span>14 juin 2017<\/span><span class=\"fusion-inline-sep\">|<\/span><\/div><div class=\"fusion-alignright\"><a class=\"fusion-read-more\" href=\"https:\/\/www.acomeambiente.org\/fr\/blog\/2017\/06\/14\/l-ecole-est-finie-reste-calme-et-passe-au-maca-2\/\" aria-label=\"More on L&rsquo;\u00c9cole est finie ? Reste calme et passe au MAcA !\">Lire Plus<\/a><\/div><\/div><\/article>\n<article id=\"blog-1-post-4759\" class=\"fusion-post-medium post-4759 post type-post status-publish format-standard hentry category-senza-categoria\">\n\t<style type=\"text\/css\">\n\t\t\n\t\t\n\t\t\n\t\t\n\t\t\t<\/style>\n\n\n<div class=\"fusion-post-content post-content\"><h2 class=\"blog-shortcode-post-title entry-title\"><a href=\"https:\/\/www.acomeambiente.org\/fr\/blog\/2017\/06\/14\/moi-je-suis-avec-la-nature-journee-mondiale-de-l-environnement-2017\/\">JOURN\u00c9E MONDIALE DE L&rsquo;ENVIRONNEMENT 2017<\/a><\/h2><div class=\"fusion-post-content-container\"><p>5 giugno 2017, Torino <\/p><\/div><\/div><div class=\"fusion-clearfix\"><\/div><div class=\"fusion-meta-info\"><div class=\"fusion-alignleft\"><span class=\"vcard\" style=\"display: none;\"><span class=\"fn\"><a href=\"https:\/\/www.acomeambiente.org\/fr\/blog\/author\/alberto-pinto\/\" title=\"Articles par Alberto Pinto\" rel=\"author\">Alberto Pinto<\/a><\/span><\/span><span class=\"updated\" style=\"display:none;\">2017-06-25T14:52:53+00:00<\/span><span>14 juin 2017<\/span><span class=\"fusion-inline-sep\">|<\/span><\/div><div class=\"fusion-alignright\"><a class=\"fusion-read-more\" href=\"https:\/\/www.acomeambiente.org\/fr\/blog\/2017\/06\/14\/moi-je-suis-avec-la-nature-journee-mondiale-de-l-environnement-2017\/\" aria-label=\"More on JOURN\u00c9E MONDIALE DE L&rsquo;ENVIRONNEMENT 2017\">Lire Plus<\/a><\/div><\/div><\/article>\n<article id=\"blog-1-post-4735\" class=\"fusion-post-medium post-4735 post type-post status-publish format-standard hentry category-senza-categoria\">\n\t<style type=\"text\/css\">\n\t\t\n\t\t\n\t\t\n\t\t\n\t\t\t<\/style>\n\n\n<div class=\"fusion-post-content post-content\"><h2 class=\"blog-shortcode-post-title entry-title\"><a href=\"https:\/\/www.acomeambiente.org\/fr\/blog\/2017\/06\/14\/un-ete-au-maca\/\">Un \u00c9t\u00e9 au MAcA !<\/a><\/h2><div class=\"fusion-post-content-container\"><p>Du 12 juin au 21 juillet 2017, Turin<\/p><\/div><\/div><div class=\"fusion-clearfix\"><\/div><div class=\"fusion-meta-info\"><div class=\"fusion-alignleft\"><span class=\"vcard\" style=\"display: none;\"><span class=\"fn\"><a href=\"https:\/\/www.acomeambiente.org\/fr\/blog\/author\/alberto-pinto\/\" title=\"Articles par Alberto Pinto\" rel=\"author\">Alberto Pinto<\/a><\/span><\/span><span class=\"updated\" style=\"display:none;\">2017-06-14T13:27:46+00:00<\/span><span>14 juin 2017<\/span><span class=\"fusion-inline-sep\">|<\/span><\/div><div class=\"fusion-alignright\"><a class=\"fusion-read-more\" href=\"https:\/\/www.acomeambiente.org\/fr\/blog\/2017\/06\/14\/un-ete-au-maca\/\" aria-label=\"More on Un \u00c9t\u00e9 au MAcA !\">Lire Plus<\/a><\/div><\/div><\/article>\n<article id=\"blog-1-post-4705\" class=\"fusion-post-medium post-4705 post type-post status-publish format-standard hentry category-news\">\n\t<style type=\"text\/css\">\n\t\t\n\t\t\n\t\t\n\t\t\n\t\t\t<\/style>\n\n\n<div class=\"fusion-post-content post-content\"><h2 class=\"blog-shortcode-post-title entry-title\"><a href=\"https:\/\/www.acomeambiente.org\/fr\/blog\/2017\/06\/13\/perpetua-edition-speciale-maca-est-arrivee\/\">PERPETUA &#8211; \u00c9dition sp\u00e9ciale &#8211; MAcA &#8211; est arriv\u00e9e !<\/a><\/h2><div class=\"fusion-post-content-container\"><p>Tu veux soutenir les activit\u00e9s du Mus\u00e9e? Offre un crayon Perpetua!\r\nLe Mus\u00e9e A come Ambiente (E comme Environnement) \u2013 MAcA, de Turin, est le premier mus\u00e9e d'Europe enti\u00e8rement d\u00e9di\u00e9 aux th\u00e8mes environnementaux.<\/p><\/div><\/div><div class=\"fusion-clearfix\"><\/div><div class=\"fusion-meta-info\"><div class=\"fusion-alignleft\"><span class=\"vcard\" style=\"display: none;\"><span class=\"fn\"><a href=\"https:\/\/www.acomeambiente.org\/fr\/blog\/author\/alberto-pinto\/\" title=\"Articles par Alberto Pinto\" rel=\"author\">Alberto Pinto<\/a><\/span><\/span><span class=\"updated\" style=\"display:none;\">2017-06-15T16:50:25+00:00<\/span><span>13 juin 2017<\/span><span class=\"fusion-inline-sep\">|<\/span><\/div><div class=\"fusion-alignright\"><a class=\"fusion-read-more\" href=\"https:\/\/www.acomeambiente.org\/fr\/blog\/2017\/06\/13\/perpetua-edition-speciale-maca-est-arrivee\/\" aria-label=\"More on PERPETUA &#8211; \u00c9dition sp\u00e9ciale &#8211; MAcA &#8211; est arriv\u00e9e !\">Lire Plus<\/a><\/div><\/div><\/article>\n<\/div><div class=\"pagination clearfix\"><span class=\"current\">1<\/span><a href=\"https:\/\/www.acomeambiente.org\/fr\/wp-json\/wp\/v2\/pages\/1589\/page\/2\/\" class=\"inactive\">2<\/a><a class=\"pagination-next\" rel=\"next\" href=\"https:\/\/www.acomeambiente.org\/fr\/wp-json\/wp\/v2\/pages\/1589\/page\/2\/\"><span class=\"page-text\">Suivant<\/span><span class=\"page-next\"><\/span><\/a><\/div><div class=\"fusion-clearfix\"><\/div><\/div><div class=\"fusion-clearfix\"><\/div><\/div><\/div><\/div><\/div>\n","protected":false},"excerpt":{"rendered":"","protected":false},"author":1025,"featured_media":0,"parent":147,"menu_order":2,"comment_status":"closed","ping_status":"closed","template":"","meta":{"footnotes":""},"class_list":["post-1589","page","type-page","status-publish","hentry"],"yoast_head":"<!-- This site is optimized with the Yoast SEO plugin v26.9 - https:\/\/yoast.com\/product\/yoast-seo-wordpress\/ -->\n<title>News - Fr - MAcA - Museo A come Ambiente<\/title>\n<meta name=\"robots\" content=\"index, follow, max-snippet:-1, max-image-preview:large, max-video-preview:-1\" \/>\n<link rel=\"canonical\" href=\"https:\/\/www.acomeambiente.org\/fr\/esplora\/news\/\" \/>\n<meta property=\"og:locale\" content=\"fr_FR\" \/>\n<meta property=\"og:type\" content=\"article\" \/>\n<meta property=\"og:title\" content=\"News - Fr - MAcA - Museo A come Ambiente\" \/>\n<meta property=\"og:url\" content=\"https:\/\/www.acomeambiente.org\/fr\/esplora\/news\/\" \/>\n<meta property=\"og:site_name\" content=\"Fr - MAcA - Museo A come Ambiente\" \/>\n<meta property=\"article:modified_time\" content=\"2017-06-25T14:39:11+00:00\" \/>\n<meta property=\"og:image\" content=\"https:\/\/www.acomeambiente.org\/wp-content\/uploads\/sites\/2\/2015\/03\/AcomeA_204.jpg\" \/>\n<meta name=\"twitter:card\" content=\"summary_large_image\" \/>\n<meta name=\"twitter:label1\" content=\"Dur\u00e9e de lecture estim\u00e9e\" \/>\n\t<meta name=\"twitter:data1\" content=\"2 minutes\" \/>\n<script type=\"application\/ld+json\" class=\"yoast-schema-graph\">{\"@context\":\"https:\/\/schema.org\",\"@graph\":[{\"@type\":\"WebPage\",\"@id\":\"https:\/\/www.acomeambiente.org\/fr\/esplora\/news\/\",\"url\":\"https:\/\/www.acomeambiente.org\/fr\/esplora\/news\/\",\"name\":\"News - Fr - MAcA - Museo A come Ambiente\",\"isPartOf\":{\"@id\":\"https:\/\/www.acomeambiente.org\/fr\/#website\"},\"datePublished\":\"2015-07-10T10:39:08+00:00\",\"dateModified\":\"2017-06-25T14:39:11+00:00\",\"breadcrumb\":{\"@id\":\"https:\/\/www.acomeambiente.org\/fr\/esplora\/news\/#breadcrumb\"},\"inLanguage\":\"fr-FR\",\"potentialAction\":[{\"@type\":\"ReadAction\",\"target\":[\"https:\/\/www.acomeambiente.org\/fr\/esplora\/news\/\"]}]},{\"@type\":\"BreadcrumbList\",\"@id\":\"https:\/\/www.acomeambiente.org\/fr\/esplora\/news\/#breadcrumb\",\"itemListElement\":[{\"@type\":\"ListItem\",\"position\":1,\"name\":\"Home\",\"item\":\"https:\/\/www.acomeambiente.org\/fr\/\"},{\"@type\":\"ListItem\",\"position\":2,\"name\":\"Esplora\",\"item\":\"https:\/\/www.acomeambiente.org\/fr\/esplora\/\"},{\"@type\":\"ListItem\",\"position\":3,\"name\":\"News\"}]},{\"@type\":\"WebSite\",\"@id\":\"https:\/\/www.acomeambiente.org\/fr\/#website\",\"url\":\"https:\/\/www.acomeambiente.org\/fr\/\",\"name\":\"Fr - MAcA - Museo A come Ambiente\",\"description\":\"Passa al MAcA, costruiamo insieme un mondo pi\u00f9 sostenibile\",\"potentialAction\":[{\"@type\":\"SearchAction\",\"target\":{\"@type\":\"EntryPoint\",\"urlTemplate\":\"https:\/\/www.acomeambiente.org\/fr\/?s={search_term_string}\"},\"query-input\":{\"@type\":\"PropertyValueSpecification\",\"valueRequired\":true,\"valueName\":\"search_term_string\"}}],\"inLanguage\":\"fr-FR\"}]}<\/script>\n<!-- \/ Yoast SEO plugin. -->","yoast_head_json":{"title":"News - Fr - MAcA - Museo A come Ambiente","robots":{"index":"index","follow":"follow","max-snippet":"max-snippet:-1","max-image-preview":"max-image-preview:large","max-video-preview":"max-video-preview:-1"},"canonical":"https:\/\/www.acomeambiente.org\/fr\/esplora\/news\/","og_locale":"fr_FR","og_type":"article","og_title":"News - Fr - MAcA - Museo A come Ambiente","og_url":"https:\/\/www.acomeambiente.org\/fr\/esplora\/news\/","og_site_name":"Fr - MAcA - Museo A come Ambiente","article_modified_time":"2017-06-25T14:39:11+00:00","og_image":[{"url":"https:\/\/www.acomeambiente.org\/wp-content\/uploads\/sites\/2\/2015\/03\/AcomeA_204.jpg","type":"","width":"","height":""}],"twitter_card":"summary_large_image","twitter_misc":{"Dur\u00e9e de lecture estim\u00e9e":"2 minutes"},"schema":{"@context":"https:\/\/schema.org","@graph":[{"@type":"WebPage","@id":"https:\/\/www.acomeambiente.org\/fr\/esplora\/news\/","url":"https:\/\/www.acomeambiente.org\/fr\/esplora\/news\/","name":"News - Fr - MAcA - Museo A come Ambiente","isPartOf":{"@id":"https:\/\/www.acomeambiente.org\/fr\/#website"},"datePublished":"2015-07-10T10:39:08+00:00","dateModified":"2017-06-25T14:39:11+00:00","breadcrumb":{"@id":"https:\/\/www.acomeambiente.org\/fr\/esplora\/news\/#breadcrumb"},"inLanguage":"fr-FR","potentialAction":[{"@type":"ReadAction","target":["https:\/\/www.acomeambiente.org\/fr\/esplora\/news\/"]}]},{"@type":"BreadcrumbList","@id":"https:\/\/www.acomeambiente.org\/fr\/esplora\/news\/#breadcrumb","itemListElement":[{"@type":"ListItem","position":1,"name":"Home","item":"https:\/\/www.acomeambiente.org\/fr\/"},{"@type":"ListItem","position":2,"name":"Esplora","item":"https:\/\/www.acomeambiente.org\/fr\/esplora\/"},{"@type":"ListItem","position":3,"name":"News"}]},{"@type":"WebSite","@id":"https:\/\/www.acomeambiente.org\/fr\/#website","url":"https:\/\/www.acomeambiente.org\/fr\/","name":"Fr - MAcA - Museo A come Ambiente","description":"Passa al MAcA, costruiamo insieme un mondo pi\u00f9 sostenibile","potentialAction":[{"@type":"SearchAction","target":{"@type":"EntryPoint","urlTemplate":"https:\/\/www.acomeambiente.org\/fr\/?s={search_term_string}"},"query-input":{"@type":"PropertyValueSpecification","valueRequired":true,"valueName":"search_term_string"}}],"inLanguage":"fr-FR"}]}},"_links":{"self":[{"href":"https:\/\/www.acomeambiente.org\/fr\/wp-json\/wp\/v2\/pages\/1589","targetHints":{"allow":["GET"]}}],"collection":[{"href":"https:\/\/www.acomeambiente.org\/fr\/wp-json\/wp\/v2\/pages"}],"about":[{"href":"https:\/\/www.acomeambiente.org\/fr\/wp-json\/wp\/v2\/types\/page"}],"author":[{"embeddable":true,"href":"https:\/\/www.acomeambiente.org\/fr\/wp-json\/wp\/v2\/users\/1025"}],"replies":[{"embeddable":true,"href":"https:\/\/www.acomeambiente.org\/fr\/wp-json\/wp\/v2\/comments?post=1589"}],"version-history":[{"count":12,"href":"https:\/\/www.acomeambiente.org\/fr\/wp-json\/wp\/v2\/pages\/1589\/revisions"}],"predecessor-version":[{"id":5204,"href":"https:\/\/www.acomeambiente.org\/fr\/wp-json\/wp\/v2\/pages\/1589\/revisions\/5204"}],"up":[{"embeddable":true,"href":"https:\/\/www.acomeambiente.org\/fr\/wp-json\/wp\/v2\/pages\/147"}],"wp:attachment":[{"href":"https:\/\/www.acomeambiente.org\/fr\/wp-json\/wp\/v2\/media?parent=1589"}],"curies":[{"name":"wp","href":"https:\/\/api.w.org\/{rel}","templated":true}]}}